{"id":8769,"date":"2022-10-17T16:28:31","date_gmt":"2022-10-17T14:28:31","guid":{"rendered":"https:\/\/mitrestorres.com\/mi-fundacion-alex\/sobre-mi-fundacion-alex\/"},"modified":"2025-02-13T12:05:04","modified_gmt":"2025-02-13T11:05:04","slug":"sobre-la-fundacio","status":"publish","type":"page","link":"https:\/\/mitrestorres.com\/ca\/mi-fundacio-alex\/sobre-la-fundacio\/","title":{"rendered":"Sobre la Fundaci\u00f3"},"content":{"rendered":"\n<p>A Mi Fundaci\u00f3 \u00c0lex treballem per millorar la salut i el benestar, f\u00edsic i emocional, de les persones, amb especial atenci\u00f3 a aquelles amb capacitats diverses, a les comunitats on Cl\u00edniques Mi \u00e9s present.<\/p>\n","protected":false},"excerpt":{"rendered":"<p>A Mi Fundaci\u00f3 \u00c0lex treballem per millorar la salut i el benestar, f\u00edsic i emocional, de les persones, amb especial atenci\u00f3 a aquelles amb capacitats diverses, a les comunitats on Cl\u00edniques Mi \u00e9s present.<\/p>\n","protected":false},"author":1,"featured_media":0,"parent":8099,"menu_order":0,"comment_status":"closed","ping_status":"closed","template":"templates\/sobre-fundacion.php","meta":{"_acf_changed":false,"_uag_custom_page_level_css":"","footnotes":""},"class_list":["post-8769","page","type-page","status-publish","hentry"],"acf":{"el_perque_de_la_fundacio":{"title":"El perqu\u00e8 de la Fundaci\u00f3","content":"<p>M\u00e9s enll\u00e0 d\u2019un perqu\u00e8, la Mi Fundaci\u00f3 \u00c0lex t\u00e9 un per a qui. I aquest \u00e9s, sens dubte, l\u2019\u00c0lex Masfurroll Cortada, un nen que va n\u00e9ixer amb la s\u00edndrome de Down i, tot i la seva curta estada en aquest m\u00f3n, ja va deixar-nos com a llegat immaterial els valors d\u2019amor i de lluita.<\/p>\n<p>Des de la seva creaci\u00f3, l\u2019any 2006, any rere any, desenvolupem projectes i iniciatives que generen un impacte social positiu a les comunitats locals on Cl\u00edniques Mi \u00e9s present.<\/p>\n","video":"<iframe title=\"Conoce la Fundaci\u00f3n Alex\" width=\"640\" height=\"360\" src=\"https:\/\/www.youtube.com\/embed\/hn-T-iXfjn4?feature=oembed\" frameborder=\"0\" allow=\"accelerometer; autoplay; clipboard-write; encrypted-media; gyroscope; picture-in-picture; web-share\" referrerpolicy=\"strict-origin-when-cross-origin\" allowfullscreen><\/iframe>"},"anar_al_web":{"title":"Tota una vida treballant per la inclusi\u00f3","content":"<p>La Fundaci\u00f3 \u00c0lex \u2013 ara Mi Fundaci\u00f3 \u00c0lex \u2013 \u00e9s una entitat sense \u00e0nim de lucre, creada el 2006 per Gabriel Masfurroll, en mem\u00f2ria del seu fill \u00c0lex.<\/p>\n<p>L\u2019any 1982, amb l\u2019arribada de l\u2019\u00c1lex Masfurroll Cortada, que va n\u00e9ixer amb la s\u00edndrome de Down, la seva fam\u00edlia comen\u00e7a a implicar-se en el m\u00f3n de les persones amb capacitats diverses i col\u00b7labora en la creaci\u00f3 de la Fundaci\u00f3 Catalana S\u00edndrome de Down.<\/p>\n<p>L\u2019any 2006, la fam\u00edlia decideix crear la Fundaci\u00f3 \u00c1lex amb la voluntat d\u2019ajudar i contribuir a millorar la vida de molts altres \u2018\u00c0lex\u2019.<\/p>\n<p>Avui dia, la Fundaci\u00f3, vinculada a Cl\u00edniques Mi, gestiona les accions de responsabilitat social corporativa.<\/p>\n","image":{"ID":8204,"id":8204,"title":"porque-alex","filename":"porque-alex.png","filesize":176964,"url":"https:\/\/mitrestorres.com\/wp-content\/uploads\/sites\/2\/2023\/06\/porque-alex.png","link":"https:\/\/mitrestorres.com\/ca\/mi-fundacio-alex\/sobre-la-fundacio\/porque-alex-2\/","alt":"","author":"1","description":"","caption":"","name":"porque-alex-2","status":"inherit","uploaded_to":8769,"date":"2023-06-14 06:46:32","modified":"2023-06-14 06:46:32","menu_order":0,"mime_type":"image\/png","type":"image","subtype":"png","icon":"https:\/\/mitrestorres.com\/wp-includes\/images\/media\/default.png","width":628,"height":436,"sizes":{"thumbnail":"https:\/\/mitrestorres.com\/wp-content\/uploads\/sites\/2\/2023\/06\/porque-alex-150x150.png","thumbnail-width":150,"thumbnail-height":150,"medium":"https:\/\/mitrestorres.com\/wp-content\/uploads\/sites\/2\/2023\/06\/porque-alex-300x208.png","medium-width":300,"medium-height":208,"medium_large":"https:\/\/mitrestorres.com\/wp-content\/uploads\/sites\/2\/2023\/06\/porque-alex.png","medium_large-width":628,"medium_large-height":436,"large":"https:\/\/mitrestorres.com\/wp-content\/uploads\/sites\/2\/2023\/06\/porque-alex.png","large-width":628,"large-height":436,"1536x1536":"https:\/\/mitrestorres.com\/wp-content\/uploads\/sites\/2\/2023\/06\/porque-alex.png","1536x1536-width":628,"1536x1536-height":436,"2048x2048":"https:\/\/mitrestorres.com\/wp-content\/uploads\/sites\/2\/2023\/06\/porque-alex.png","2048x2048-width":628,"2048x2048-height":436}},"link":{"title":"Anar al web mifundacionalex.org","url":"https:\/\/www.mifundacionalex.org\/","target":"_blank"}},"linies":{"title":"L\u00ednies d\u2019actuaci\u00f3","content":"<p>Desenvolupem projectes que promouen la salut i el benestar de tota la comunitat i, en especial, de les persones amb capacitats diverses per aconseguir un m\u00f3n m\u00e9s just, inclusiu i solidari.<\/p>\n","blocks":[{"blocks":{"title":"Inclusi\u00f3 laboral","content":"<p>Treballem per demostrar que la inclusi\u00f3 social i laboral de les persones amb capacitats diverses \u00e9s possible. Juntament amb Aura Fundaci\u00f3, a Mi Tres Torres, i amb Down Lleida, a MiNovAlian\u00e7a, hem ajudat a incorporar al m\u00f3n laboral a persones com el Guillem, el Marc, el Nacho i la Maria.<\/p>\n","image":{"ID":8686,"id":8686,"title":"mifa_integracio-768x378","filename":"mifa_integracio-768x378-1.png","filesize":348738,"url":"https:\/\/mitrestorres.com\/wp-content\/uploads\/sites\/2\/2023\/06\/mifa_integracio-768x378-1.png","link":"https:\/\/mitrestorres.com\/ca\/mi-fundacio-alex\/sobre-la-fundacio\/mifa_integracio-768x378-2\/","alt":"","author":"1","description":"","caption":"","name":"mifa_integracio-768x378-2","status":"inherit","uploaded_to":8769,"date":"2023-06-15 07:36:50","modified":"2023-06-15 07:36:50","menu_order":0,"mime_type":"image\/png","type":"image","subtype":"png","icon":"https:\/\/mitrestorres.com\/wp-includes\/images\/media\/default.png","width":768,"height":378,"sizes":{"thumbnail":"https:\/\/mitrestorres.com\/wp-content\/uploads\/sites\/2\/2023\/06\/mifa_integracio-768x378-1-150x150.png","thumbnail-width":150,"thumbnail-height":150,"medium":"https:\/\/mitrestorres.com\/wp-content\/uploads\/sites\/2\/2023\/06\/mifa_integracio-768x378-1-300x148.png","medium-width":300,"medium-height":148,"medium_large":"https:\/\/mitrestorres.com\/wp-content\/uploads\/sites\/2\/2023\/06\/mifa_integracio-768x378-1.png","medium_large-width":640,"medium_large-height":315,"large":"https:\/\/mitrestorres.com\/wp-content\/uploads\/sites\/2\/2023\/06\/mifa_integracio-768x378-1.png","large-width":640,"large-height":315,"1536x1536":"https:\/\/mitrestorres.com\/wp-content\/uploads\/sites\/2\/2023\/06\/mifa_integracio-768x378-1.png","1536x1536-width":768,"1536x1536-height":378,"2048x2048":"https:\/\/mitrestorres.com\/wp-content\/uploads\/sites\/2\/2023\/06\/mifa_integracio-768x378-1.png","2048x2048-width":768,"2048x2048-height":378}},"link":{"title":"Saber m\u00e9s sobre Inclusi\u00f3 laboral","url":"https:\/\/mitrestorres.com\/ca\/mi-fundacio-alex\/inclusio-laboral\/","target":"_blank"}}},{"blocks":{"title":"Cl\u00ednica solid\u00e0ria","content":"<p>Realitzem revisions m\u00e8diques a esportistes amb capacitats diverses i col\u00b7laborem amb la realitzaci\u00f3 d\u2019intervencions solid\u00e0ries a pacients de pa\u00efsos amb pocs recursos o en vies de desenvolupament.<\/p>\n","image":{"ID":8688,"id":8688,"title":"mifa_clinicasolidaria-1-768x378","filename":"mifa_clinicasolidaria-1-768x378-1.png","filesize":435768,"url":"https:\/\/mitrestorres.com\/wp-content\/uploads\/sites\/2\/2023\/06\/mifa_clinicasolidaria-1-768x378-1.png","link":"https:\/\/mitrestorres.com\/ca\/mi-fundacio-alex\/sobre-la-fundacio\/mifa_clinicasolidaria-1-768x378-2\/","alt":"","author":"1","description":"","caption":"","name":"mifa_clinicasolidaria-1-768x378-2","status":"inherit","uploaded_to":8769,"date":"2023-06-15 07:37:31","modified":"2023-06-15 07:37:31","menu_order":0,"mime_type":"image\/png","type":"image","subtype":"png","icon":"https:\/\/mitrestorres.com\/wp-includes\/images\/media\/default.png","width":768,"height":378,"sizes":{"thumbnail":"https:\/\/mitrestorres.com\/wp-content\/uploads\/sites\/2\/2023\/06\/mifa_clinicasolidaria-1-768x378-1-150x150.png","thumbnail-width":150,"thumbnail-height":150,"medium":"https:\/\/mitrestorres.com\/wp-content\/uploads\/sites\/2\/2023\/06\/mifa_clinicasolidaria-1-768x378-1-300x148.png","medium-width":300,"medium-height":148,"medium_large":"https:\/\/mitrestorres.com\/wp-content\/uploads\/sites\/2\/2023\/06\/mifa_clinicasolidaria-1-768x378-1.png","medium_large-width":640,"medium_large-height":315,"large":"https:\/\/mitrestorres.com\/wp-content\/uploads\/sites\/2\/2023\/06\/mifa_clinicasolidaria-1-768x378-1.png","large-width":640,"large-height":315,"1536x1536":"https:\/\/mitrestorres.com\/wp-content\/uploads\/sites\/2\/2023\/06\/mifa_clinicasolidaria-1-768x378-1.png","1536x1536-width":768,"1536x1536-height":378,"2048x2048":"https:\/\/mitrestorres.com\/wp-content\/uploads\/sites\/2\/2023\/06\/mifa_clinicasolidaria-1-768x378-1.png","2048x2048-width":768,"2048x2048-height":378}},"link":{"title":"Saber m\u00e9s sobre Cl\u00ednica solid\u00e0ria","url":"https:\/\/mitrestorres.com\/ca\/mi-fundacio-alex\/clinica-solidaria\/","target":""}}},{"blocks":{"title":"Suport a l\u2019esport adaptat","content":"<p>Impulsem, col\u00b7laborem i gestionem projectes d\u2019esport inclusiu com l\u2019Atl\u00e8tic Lleida Genuine, la Lliga Hockey + o l\u2019Escola de Vela Adaptada del Port d\u2019Andratx.<\/p>\n","image":{"ID":8690,"id":8690,"title":"mifa_suport-768x378","filename":"mifa_suport-768x378-1.png","filesize":517638,"url":"https:\/\/mitrestorres.com\/wp-content\/uploads\/sites\/2\/2023\/06\/mifa_suport-768x378-1.png","link":"https:\/\/mitrestorres.com\/ca\/mi-fundacio-alex\/sobre-la-fundacio\/mifa_suport-768x378-2\/","alt":"","author":"1","description":"","caption":"","name":"mifa_suport-768x378-2","status":"inherit","uploaded_to":8769,"date":"2023-06-15 07:41:09","modified":"2023-06-15 07:41:09","menu_order":0,"mime_type":"image\/png","type":"image","subtype":"png","icon":"https:\/\/mitrestorres.com\/wp-includes\/images\/media\/default.png","width":768,"height":378,"sizes":{"thumbnail":"https:\/\/mitrestorres.com\/wp-content\/uploads\/sites\/2\/2023\/06\/mifa_suport-768x378-1-150x150.png","thumbnail-width":150,"thumbnail-height":150,"medium":"https:\/\/mitrestorres.com\/wp-content\/uploads\/sites\/2\/2023\/06\/mifa_suport-768x378-1-300x148.png","medium-width":300,"medium-height":148,"medium_large":"https:\/\/mitrestorres.com\/wp-content\/uploads\/sites\/2\/2023\/06\/mifa_suport-768x378-1.png","medium_large-width":640,"medium_large-height":315,"large":"https:\/\/mitrestorres.com\/wp-content\/uploads\/sites\/2\/2023\/06\/mifa_suport-768x378-1.png","large-width":640,"large-height":315,"1536x1536":"https:\/\/mitrestorres.com\/wp-content\/uploads\/sites\/2\/2023\/06\/mifa_suport-768x378-1.png","1536x1536-width":768,"1536x1536-height":378,"2048x2048":"https:\/\/mitrestorres.com\/wp-content\/uploads\/sites\/2\/2023\/06\/mifa_suport-768x378-1.png","2048x2048-width":768,"2048x2048-height":378}},"link":{"title":"Saber m\u00e9s sobre l'Esport adaptat","url":"https:\/\/mitrestorres.com\/ca\/mi-fundacio-alex\/esport-inclusiu\/","target":""}}},{"blocks":{"title":"H\u00e0bits de vida saludables","content":"<p>Organitzem tallers i jornades de prevenci\u00f3 de malalties a trav\u00e9s de la promoci\u00f3 dels h\u00e0bits de vida saludables.<\/p>\n","image":{"ID":8692,"id":8692,"title":"mifa_habits-1-768x378","filename":"mifa_habits-1-768x378-1.png","filesize":463036,"url":"https:\/\/mitrestorres.com\/wp-content\/uploads\/sites\/2\/2023\/06\/mifa_habits-1-768x378-1.png","link":"https:\/\/mitrestorres.com\/ca\/mi-fundacio-alex\/sobre-la-fundacio\/mifa_habits-1-768x378-2\/","alt":"","author":"1","description":"","caption":"","name":"mifa_habits-1-768x378-2","status":"inherit","uploaded_to":8769,"date":"2023-06-15 07:41:41","modified":"2023-06-15 07:41:41","menu_order":0,"mime_type":"image\/png","type":"image","subtype":"png","icon":"https:\/\/mitrestorres.com\/wp-includes\/images\/media\/default.png","width":768,"height":378,"sizes":{"thumbnail":"https:\/\/mitrestorres.com\/wp-content\/uploads\/sites\/2\/2023\/06\/mifa_habits-1-768x378-1-150x150.png","thumbnail-width":150,"thumbnail-height":150,"medium":"https:\/\/mitrestorres.com\/wp-content\/uploads\/sites\/2\/2023\/06\/mifa_habits-1-768x378-1-300x148.png","medium-width":300,"medium-height":148,"medium_large":"https:\/\/mitrestorres.com\/wp-content\/uploads\/sites\/2\/2023\/06\/mifa_habits-1-768x378-1.png","medium_large-width":640,"medium_large-height":315,"large":"https:\/\/mitrestorres.com\/wp-content\/uploads\/sites\/2\/2023\/06\/mifa_habits-1-768x378-1.png","large-width":640,"large-height":315,"1536x1536":"https:\/\/mitrestorres.com\/wp-content\/uploads\/sites\/2\/2023\/06\/mifa_habits-1-768x378-1.png","1536x1536-width":768,"1536x1536-height":378,"2048x2048":"https:\/\/mitrestorres.com\/wp-content\/uploads\/sites\/2\/2023\/06\/mifa_habits-1-768x378-1.png","2048x2048-width":768,"2048x2048-height":378}},"link":{"title":"Saber m\u00e9s sobre H\u00e0bits de vida saludable","url":"https:\/\/mitrestorres.com\/ca\/mi-fundacio-alex\/habits-saludables\/","target":""}}},{"blocks":{"title":"Innovaci\u00f3","content":"<p>Donem suport a projectes d\u2019investigaci\u00f3 impulsats pels equips de metges i professionals de Cl\u00edniques Mi.<\/p>\n","image":{"ID":8694,"id":8694,"title":"mifa_innovacio-768x378","filename":"mifa_innovacio-768x378-1.png","filesize":285439,"url":"https:\/\/mitrestorres.com\/wp-content\/uploads\/sites\/2\/2023\/06\/mifa_innovacio-768x378-1.png","link":"https:\/\/mitrestorres.com\/ca\/mi-fundacio-alex\/sobre-la-fundacio\/mifa_innovacio-768x378-2\/","alt":"","author":"1","description":"","caption":"","name":"mifa_innovacio-768x378-2","status":"inherit","uploaded_to":8769,"date":"2023-06-15 07:42:28","modified":"2023-06-15 07:42:28","menu_order":0,"mime_type":"image\/png","type":"image","subtype":"png","icon":"https:\/\/mitrestorres.com\/wp-includes\/images\/media\/default.png","width":768,"height":378,"sizes":{"thumbnail":"https:\/\/mitrestorres.com\/wp-content\/uploads\/sites\/2\/2023\/06\/mifa_innovacio-768x378-1-150x150.png","thumbnail-width":150,"thumbnail-height":150,"medium":"https:\/\/mitrestorres.com\/wp-content\/uploads\/sites\/2\/2023\/06\/mifa_innovacio-768x378-1-300x148.png","medium-width":300,"medium-height":148,"medium_large":"https:\/\/mitrestorres.com\/wp-content\/uploads\/sites\/2\/2023\/06\/mifa_innovacio-768x378-1.png","medium_large-width":640,"medium_large-height":315,"large":"https:\/\/mitrestorres.com\/wp-content\/uploads\/sites\/2\/2023\/06\/mifa_innovacio-768x378-1.png","large-width":640,"large-height":315,"1536x1536":"https:\/\/mitrestorres.com\/wp-content\/uploads\/sites\/2\/2023\/06\/mifa_innovacio-768x378-1.png","1536x1536-width":768,"1536x1536-height":378,"2048x2048":"https:\/\/mitrestorres.com\/wp-content\/uploads\/sites\/2\/2023\/06\/mifa_innovacio-768x378-1.png","2048x2048-width":768,"2048x2048-height":378}},"link":{"title":"Saber m\u00e9s sobre Innovaci\u00f3","url":"https:\/\/mitrestorres.com\/ca\/mi-fundacio-alex\/innovacio\/","target":""}}},{"blocks":{"title":"Fons d\u2019Art Alex Masfurroll","content":"<p>Gr\u00e0cies a la solidaritat de moltes persones i artistes, a la Mi Fundaci\u00f3 \u00c0lex disposem d\u2019un fons d\u2019art. Si voleu col\u00b7laborar-hi, podeu comprar una de les obres o fer una donaci\u00f3. Tots els beneficis es destinaran a projectes de la Fundaci\u00f3.<\/p>\n","image":{"ID":8696,"id":8696,"title":"arte","filename":"arte-1.png","filesize":244011,"url":"https:\/\/mitrestorres.com\/wp-content\/uploads\/sites\/2\/2023\/06\/arte-1.png","link":"https:\/\/mitrestorres.com\/ca\/mi-fundacio-alex\/sobre-la-fundacio\/arte-2-2\/","alt":"","author":"1","description":"","caption":"","name":"arte-2-2","status":"inherit","uploaded_to":8769,"date":"2023-06-15 07:42:59","modified":"2023-06-15 07:42:59","menu_order":0,"mime_type":"image\/png","type":"image","subtype":"png","icon":"https:\/\/mitrestorres.com\/wp-includes\/images\/media\/default.png","width":543,"height":267,"sizes":{"thumbnail":"https:\/\/mitrestorres.com\/wp-content\/uploads\/sites\/2\/2023\/06\/arte-1-150x150.png","thumbnail-width":150,"thumbnail-height":150,"medium":"https:\/\/mitrestorres.com\/wp-content\/uploads\/sites\/2\/2023\/06\/arte-1-300x148.png","medium-width":300,"medium-height":148,"medium_large":"https:\/\/mitrestorres.com\/wp-content\/uploads\/sites\/2\/2023\/06\/arte-1.png","medium_large-width":543,"medium_large-height":267,"large":"https:\/\/mitrestorres.com\/wp-content\/uploads\/sites\/2\/2023\/06\/arte-1.png","large-width":543,"large-height":267,"1536x1536":"https:\/\/mitrestorres.com\/wp-content\/uploads\/sites\/2\/2023\/06\/arte-1.png","1536x1536-width":543,"1536x1536-height":267,"2048x2048":"https:\/\/mitrestorres.com\/wp-content\/uploads\/sites\/2\/2023\/06\/arte-1.png","2048x2048-width":543,"2048x2048-height":267}},"link":{"title":"Saber m\u00e9s sobre el Fons d'Art","url":"https:\/\/mitrestorres.com\/ca\/mi-fundacio-alex\/fons-art-alex-masfurroll\/","target":""}}}]},"mes_de_15_anys":{"title":"M\u00e9s de 15 anys sumant amb la integraci\u00f3","content":"<p>Aquestes s\u00f3n les dotze grans fites que han marcat la hist\u00f2ria de la Mi Fundaci\u00f3 \u00c0lex des de l\u2019any 2006. La majoria, relacionades amb la pr\u00e0ctica esportiva inclusiva i els projectes d\u2019integraci\u00f3 laboral.<\/p>\n","blocks":[{"blocks":{"title":"2006","content":"Naixement de la Fundaci\u00f3 a USP Hospitales","image":{"ID":8699,"id":8699,"title":"mifa2006","filename":"mifa2006.png","filesize":22515,"url":"https:\/\/mitrestorres.com\/wp-content\/uploads\/sites\/2\/2023\/06\/mifa2006.png","link":"https:\/\/mitrestorres.com\/ca\/mi-fundacio-alex\/sobre-la-fundacio\/mifa2006-2\/","alt":"","author":"1","description":"","caption":"","name":"mifa2006-2","status":"inherit","uploaded_to":8769,"date":"2023-06-15 07:44:04","modified":"2023-06-15 07:44:04","menu_order":0,"mime_type":"image\/png","type":"image","subtype":"png","icon":"https:\/\/mitrestorres.com\/wp-includes\/images\/media\/default.png","width":532,"height":378,"sizes":{"thumbnail":"https:\/\/mitrestorres.com\/wp-content\/uploads\/sites\/2\/2023\/06\/mifa2006-150x150.png","thumbnail-width":150,"thumbnail-height":150,"medium":"https:\/\/mitrestorres.com\/wp-content\/uploads\/sites\/2\/2023\/06\/mifa2006-300x213.png","medium-width":300,"medium-height":213,"medium_large":"https:\/\/mitrestorres.com\/wp-content\/uploads\/sites\/2\/2023\/06\/mifa2006.png","medium_large-width":532,"medium_large-height":378,"large":"https:\/\/mitrestorres.com\/wp-content\/uploads\/sites\/2\/2023\/06\/mifa2006.png","large-width":532,"large-height":378,"1536x1536":"https:\/\/mitrestorres.com\/wp-content\/uploads\/sites\/2\/2023\/06\/mifa2006.png","1536x1536-width":532,"1536x1536-height":378,"2048x2048":"https:\/\/mitrestorres.com\/wp-content\/uploads\/sites\/2\/2023\/06\/mifa2006.png","2048x2048-width":532,"2048x2048-height":378}}}},{"blocks":{"title":"2007","content":"Primera regata de vela adaptada","image":{"ID":8702,"id":8702,"title":"mifa2007_01","filename":"mifa2007_01.png","filesize":360791,"url":"https:\/\/mitrestorres.com\/wp-content\/uploads\/sites\/2\/2023\/06\/mifa2007_01.png","link":"https:\/\/mitrestorres.com\/ca\/mi-fundacio-alex\/sobre-la-fundacio\/mifa2007_01-2\/","alt":"","author":"1","description":"","caption":"","name":"mifa2007_01-2","status":"inherit","uploaded_to":8769,"date":"2023-06-15 07:44:47","modified":"2023-06-15 07:44:47","menu_order":0,"mime_type":"image\/png","type":"image","subtype":"png","icon":"https:\/\/mitrestorres.com\/wp-includes\/images\/media\/default.png","width":532,"height":378,"sizes":{"thumbnail":"https:\/\/mitrestorres.com\/wp-content\/uploads\/sites\/2\/2023\/06\/mifa2007_01-150x150.png","thumbnail-width":150,"thumbnail-height":150,"medium":"https:\/\/mitrestorres.com\/wp-content\/uploads\/sites\/2\/2023\/06\/mifa2007_01-300x213.png","medium-width":300,"medium-height":213,"medium_large":"https:\/\/mitrestorres.com\/wp-content\/uploads\/sites\/2\/2023\/06\/mifa2007_01.png","medium_large-width":532,"medium_large-height":378,"large":"https:\/\/mitrestorres.com\/wp-content\/uploads\/sites\/2\/2023\/06\/mifa2007_01.png","large-width":532,"large-height":378,"1536x1536":"https:\/\/mitrestorres.com\/wp-content\/uploads\/sites\/2\/2023\/06\/mifa2007_01.png","1536x1536-width":532,"1536x1536-height":378,"2048x2048":"https:\/\/mitrestorres.com\/wp-content\/uploads\/sites\/2\/2023\/06\/mifa2007_01.png","2048x2048-width":532,"2048x2048-height":378}}}},{"blocks":{"title":"2007","content":"Primera integraci\u00f3 laboral a USP Hospitales","image":{"ID":8704,"id":8704,"title":"mifa2007_02","filename":"mifa2007_02.png","filesize":406689,"url":"https:\/\/mitrestorres.com\/wp-content\/uploads\/sites\/2\/2023\/06\/mifa2007_02.png","link":"https:\/\/mitrestorres.com\/ca\/mi-fundacio-alex\/sobre-la-fundacio\/mifa2007_02-2\/","alt":"","author":"1","description":"","caption":"","name":"mifa2007_02-2","status":"inherit","uploaded_to":8769,"date":"2023-06-15 07:45:09","modified":"2023-06-15 07:45:09","menu_order":0,"mime_type":"image\/png","type":"image","subtype":"png","icon":"https:\/\/mitrestorres.com\/wp-includes\/images\/media\/default.png","width":532,"height":378,"sizes":{"thumbnail":"https:\/\/mitrestorres.com\/wp-content\/uploads\/sites\/2\/2023\/06\/mifa2007_02-150x150.png","thumbnail-width":150,"thumbnail-height":150,"medium":"https:\/\/mitrestorres.com\/wp-content\/uploads\/sites\/2\/2023\/06\/mifa2007_02-300x213.png","medium-width":300,"medium-height":213,"medium_large":"https:\/\/mitrestorres.com\/wp-content\/uploads\/sites\/2\/2023\/06\/mifa2007_02.png","medium_large-width":532,"medium_large-height":378,"large":"https:\/\/mitrestorres.com\/wp-content\/uploads\/sites\/2\/2023\/06\/mifa2007_02.png","large-width":532,"large-height":378,"1536x1536":"https:\/\/mitrestorres.com\/wp-content\/uploads\/sites\/2\/2023\/06\/mifa2007_02.png","1536x1536-width":532,"1536x1536-height":378,"2048x2048":"https:\/\/mitrestorres.com\/wp-content\/uploads\/sites\/2\/2023\/06\/mifa2007_02.png","2048x2048-width":532,"2048x2048-height":378}}}},{"blocks":{"title":"2007","content":"Projecte \"El millor gol de Messi, un somni, una vida\"","image":{"ID":8706,"id":8706,"title":"mifa2007_03","filename":"mifa2007_03.png","filesize":364002,"url":"https:\/\/mitrestorres.com\/wp-content\/uploads\/sites\/2\/2023\/06\/mifa2007_03.png","link":"https:\/\/mitrestorres.com\/ca\/mi-fundacio-alex\/sobre-la-fundacio\/mifa2007_03-2\/","alt":"","author":"1","description":"","caption":"","name":"mifa2007_03-2","status":"inherit","uploaded_to":8769,"date":"2023-06-15 07:45:36","modified":"2023-06-15 07:45:36","menu_order":0,"mime_type":"image\/png","type":"image","subtype":"png","icon":"https:\/\/mitrestorres.com\/wp-includes\/images\/media\/default.png","width":532,"height":378,"sizes":{"thumbnail":"https:\/\/mitrestorres.com\/wp-content\/uploads\/sites\/2\/2023\/06\/mifa2007_03-150x150.png","thumbnail-width":150,"thumbnail-height":150,"medium":"https:\/\/mitrestorres.com\/wp-content\/uploads\/sites\/2\/2023\/06\/mifa2007_03-300x213.png","medium-width":300,"medium-height":213,"medium_large":"https:\/\/mitrestorres.com\/wp-content\/uploads\/sites\/2\/2023\/06\/mifa2007_03.png","medium_large-width":532,"medium_large-height":378,"large":"https:\/\/mitrestorres.com\/wp-content\/uploads\/sites\/2\/2023\/06\/mifa2007_03.png","large-width":532,"large-height":378,"1536x1536":"https:\/\/mitrestorres.com\/wp-content\/uploads\/sites\/2\/2023\/06\/mifa2007_03.png","1536x1536-width":532,"1536x1536-height":378,"2048x2048":"https:\/\/mitrestorres.com\/wp-content\/uploads\/sites\/2\/2023\/06\/mifa2007_03.png","2048x2048-width":532,"2048x2048-height":378}}}},{"blocks":{"title":"2008","content":"Primera edici\u00f3 de les beques \"Para Nuestros H\u00e9roes\"","image":{"ID":8708,"id":8708,"title":"mifa2008_01","filename":"mifa2008_01.png","filesize":407136,"url":"https:\/\/mitrestorres.com\/wp-content\/uploads\/sites\/2\/2023\/06\/mifa2008_01.png","link":"https:\/\/mitrestorres.com\/ca\/mi-fundacio-alex\/sobre-la-fundacio\/mifa2008_01-2\/","alt":"","author":"1","description":"","caption":"","name":"mifa2008_01-2","status":"inherit","uploaded_to":8769,"date":"2023-06-15 07:46:05","modified":"2023-06-15 07:46:05","menu_order":0,"mime_type":"image\/png","type":"image","subtype":"png","icon":"https:\/\/mitrestorres.com\/wp-includes\/images\/media\/default.png","width":532,"height":378,"sizes":{"thumbnail":"https:\/\/mitrestorres.com\/wp-content\/uploads\/sites\/2\/2023\/06\/mifa2008_01-150x150.png","thumbnail-width":150,"thumbnail-height":150,"medium":"https:\/\/mitrestorres.com\/wp-content\/uploads\/sites\/2\/2023\/06\/mifa2008_01-300x213.png","medium-width":300,"medium-height":213,"medium_large":"https:\/\/mitrestorres.com\/wp-content\/uploads\/sites\/2\/2023\/06\/mifa2008_01.png","medium_large-width":532,"medium_large-height":378,"large":"https:\/\/mitrestorres.com\/wp-content\/uploads\/sites\/2\/2023\/06\/mifa2008_01.png","large-width":532,"large-height":378,"1536x1536":"https:\/\/mitrestorres.com\/wp-content\/uploads\/sites\/2\/2023\/06\/mifa2008_01.png","1536x1536-width":532,"1536x1536-height":378,"2048x2048":"https:\/\/mitrestorres.com\/wp-content\/uploads\/sites\/2\/2023\/06\/mifa2008_01.png","2048x2048-width":532,"2048x2048-height":378}}}},{"blocks":{"title":"2008","content":"Realitzaci\u00f3 d'una col\u00b7lecci\u00f3 de bandanes solid\u00e0ries","image":{"ID":8710,"id":8710,"title":"mifa2008_02","filename":"mifa2008_02.png","filesize":342220,"url":"https:\/\/mitrestorres.com\/wp-content\/uploads\/sites\/2\/2023\/06\/mifa2008_02.png","link":"https:\/\/mitrestorres.com\/ca\/mi-fundacio-alex\/sobre-la-fundacio\/mifa2008_02-2\/","alt":"","author":"1","description":"","caption":"","name":"mifa2008_02-2","status":"inherit","uploaded_to":8769,"date":"2023-06-15 07:46:25","modified":"2023-06-15 07:46:25","menu_order":0,"mime_type":"image\/png","type":"image","subtype":"png","icon":"https:\/\/mitrestorres.com\/wp-includes\/images\/media\/default.png","width":532,"height":378,"sizes":{"thumbnail":"https:\/\/mitrestorres.com\/wp-content\/uploads\/sites\/2\/2023\/06\/mifa2008_02-150x150.png","thumbnail-width":150,"thumbnail-height":150,"medium":"https:\/\/mitrestorres.com\/wp-content\/uploads\/sites\/2\/2023\/06\/mifa2008_02-300x213.png","medium-width":300,"medium-height":213,"medium_large":"https:\/\/mitrestorres.com\/wp-content\/uploads\/sites\/2\/2023\/06\/mifa2008_02.png","medium_large-width":532,"medium_large-height":378,"large":"https:\/\/mitrestorres.com\/wp-content\/uploads\/sites\/2\/2023\/06\/mifa2008_02.png","large-width":532,"large-height":378,"1536x1536":"https:\/\/mitrestorres.com\/wp-content\/uploads\/sites\/2\/2023\/06\/mifa2008_02.png","1536x1536-width":532,"1536x1536-height":378,"2048x2048":"https:\/\/mitrestorres.com\/wp-content\/uploads\/sites\/2\/2023\/06\/mifa2008_02.png","2048x2048-width":532,"2048x2048-height":378}}}},{"blocks":{"title":"2010","content":"Participaci\u00f3 en la 29a Copa del Rei de Vela","image":{"ID":8712,"id":8712,"title":"mifa2010","filename":"mifa2010.png","filesize":255005,"url":"https:\/\/mitrestorres.com\/wp-content\/uploads\/sites\/2\/2023\/06\/mifa2010.png","link":"https:\/\/mitrestorres.com\/ca\/mi-fundacio-alex\/sobre-la-fundacio\/mifa2010-2\/","alt":"","author":"1","description":"","caption":"","name":"mifa2010-2","status":"inherit","uploaded_to":8769,"date":"2023-06-15 07:46:45","modified":"2023-06-15 07:46:45","menu_order":0,"mime_type":"image\/png","type":"image","subtype":"png","icon":"https:\/\/mitrestorres.com\/wp-includes\/images\/media\/default.png","width":532,"height":378,"sizes":{"thumbnail":"https:\/\/mitrestorres.com\/wp-content\/uploads\/sites\/2\/2023\/06\/mifa2010-150x150.png","thumbnail-width":150,"thumbnail-height":150,"medium":"https:\/\/mitrestorres.com\/wp-content\/uploads\/sites\/2\/2023\/06\/mifa2010-300x213.png","medium-width":300,"medium-height":213,"medium_large":"https:\/\/mitrestorres.com\/wp-content\/uploads\/sites\/2\/2023\/06\/mifa2010.png","medium_large-width":532,"medium_large-height":378,"large":"https:\/\/mitrestorres.com\/wp-content\/uploads\/sites\/2\/2023\/06\/mifa2010.png","large-width":532,"large-height":378,"1536x1536":"https:\/\/mitrestorres.com\/wp-content\/uploads\/sites\/2\/2023\/06\/mifa2010.png","1536x1536-width":532,"1536x1536-height":378,"2048x2048":"https:\/\/mitrestorres.com\/wp-content\/uploads\/sites\/2\/2023\/06\/mifa2010.png","2048x2048-width":532,"2048x2048-height":378}}}},{"blocks":{"title":"2015","content":"Primera integraci\u00f3 laboral al Grup Cl\u00edniques Mi","image":{"ID":8714,"id":8714,"title":"mifa2015","filename":"mifa2015.png","filesize":288973,"url":"https:\/\/mitrestorres.com\/wp-content\/uploads\/sites\/2\/2023\/06\/mifa2015.png","link":"https:\/\/mitrestorres.com\/ca\/mi-fundacio-alex\/sobre-la-fundacio\/mifa2015-2\/","alt":"","author":"1","description":"","caption":"","name":"mifa2015-2","status":"inherit","uploaded_to":8769,"date":"2023-06-15 07:47:15","modified":"2023-06-15 07:47:15","menu_order":0,"mime_type":"image\/png","type":"image","subtype":"png","icon":"https:\/\/mitrestorres.com\/wp-includes\/images\/media\/default.png","width":532,"height":378,"sizes":{"thumbnail":"https:\/\/mitrestorres.com\/wp-content\/uploads\/sites\/2\/2023\/06\/mifa2015-150x150.png","thumbnail-width":150,"thumbnail-height":150,"medium":"https:\/\/mitrestorres.com\/wp-content\/uploads\/sites\/2\/2023\/06\/mifa2015-300x213.png","medium-width":300,"medium-height":213,"medium_large":"https:\/\/mitrestorres.com\/wp-content\/uploads\/sites\/2\/2023\/06\/mifa2015.png","medium_large-width":532,"medium_large-height":378,"large":"https:\/\/mitrestorres.com\/wp-content\/uploads\/sites\/2\/2023\/06\/mifa2015.png","large-width":532,"large-height":378,"1536x1536":"https:\/\/mitrestorres.com\/wp-content\/uploads\/sites\/2\/2023\/06\/mifa2015.png","1536x1536-width":532,"1536x1536-height":378,"2048x2048":"https:\/\/mitrestorres.com\/wp-content\/uploads\/sites\/2\/2023\/06\/mifa2015.png","2048x2048-width":532,"2048x2048-height":378}}}},{"blocks":{"title":"2019","content":"Revisions m\u00e8diques esportives als jugadors de la Liga Hockey+","image":{"ID":8716,"id":8716,"title":"clinica-mi-tres-torres-nuevo-servicio-medico-de-la-liga-hockey-plus-768x534","filename":"clinica-mi-tres-torres-nuevo-servicio-medico-de-la-liga-hockey-plus-768x534-1.png","filesize":561857,"url":"https:\/\/mitrestorres.com\/wp-content\/uploads\/sites\/2\/2023\/06\/clinica-mi-tres-torres-nuevo-servicio-medico-de-la-liga-hockey-plus-768x534-1.png","link":"https:\/\/mitrestorres.com\/ca\/mi-fundacio-alex\/sobre-la-fundacio\/clinica-mi-tres-torres-nuevo-servicio-medico-de-la-liga-hockey-plus-768x534-2\/","alt":"","author":"1","description":"","caption":"","name":"clinica-mi-tres-torres-nuevo-servicio-medico-de-la-liga-hockey-plus-768x534-2","status":"inherit","uploaded_to":8769,"date":"2023-06-15 07:47:36","modified":"2023-06-15 07:47:36","menu_order":0,"mime_type":"image\/png","type":"image","subtype":"png","icon":"https:\/\/mitrestorres.com\/wp-includes\/images\/media\/default.png","width":768,"height":534,"sizes":{"thumbnail":"https:\/\/mitrestorres.com\/wp-content\/uploads\/sites\/2\/2023\/06\/clinica-mi-tres-torres-nuevo-servicio-medico-de-la-liga-hockey-plus-768x534-1-150x150.png","thumbnail-width":150,"thumbnail-height":150,"medium":"https:\/\/mitrestorres.com\/wp-content\/uploads\/sites\/2\/2023\/06\/clinica-mi-tres-torres-nuevo-servicio-medico-de-la-liga-hockey-plus-768x534-1-300x209.png","medium-width":300,"medium-height":209,"medium_large":"https:\/\/mitrestorres.com\/wp-content\/uploads\/sites\/2\/2023\/06\/clinica-mi-tres-torres-nuevo-servicio-medico-de-la-liga-hockey-plus-768x534-1.png","medium_large-width":640,"medium_large-height":445,"large":"https:\/\/mitrestorres.com\/wp-content\/uploads\/sites\/2\/2023\/06\/clinica-mi-tres-torres-nuevo-servicio-medico-de-la-liga-hockey-plus-768x534-1.png","large-width":640,"large-height":445,"1536x1536":"https:\/\/mitrestorres.com\/wp-content\/uploads\/sites\/2\/2023\/06\/clinica-mi-tres-torres-nuevo-servicio-medico-de-la-liga-hockey-plus-768x534-1.png","1536x1536-width":768,"1536x1536-height":534,"2048x2048":"https:\/\/mitrestorres.com\/wp-content\/uploads\/sites\/2\/2023\/06\/clinica-mi-tres-torres-nuevo-servicio-medico-de-la-liga-hockey-plus-768x534-1.png","2048x2048-width":768,"2048x2048-height":534}}}},{"blocks":{"title":"2019","content":"Primera operaci\u00f3 solid\u00e0ria internacional a Cl\u00edniques Mi","image":{"ID":8718,"id":8718,"title":"mifa2019","filename":"mifa2019.png","filesize":318780,"url":"https:\/\/mitrestorres.com\/wp-content\/uploads\/sites\/2\/2023\/06\/mifa2019.png","link":"https:\/\/mitrestorres.com\/ca\/mi-fundacio-alex\/sobre-la-fundacio\/mifa2019-2\/","alt":"","author":"1","description":"","caption":"","name":"mifa2019-2","status":"inherit","uploaded_to":8769,"date":"2023-06-15 07:47:57","modified":"2023-06-15 07:47:57","menu_order":0,"mime_type":"image\/png","type":"image","subtype":"png","icon":"https:\/\/mitrestorres.com\/wp-includes\/images\/media\/default.png","width":532,"height":378,"sizes":{"thumbnail":"https:\/\/mitrestorres.com\/wp-content\/uploads\/sites\/2\/2023\/06\/mifa2019-150x150.png","thumbnail-width":150,"thumbnail-height":150,"medium":"https:\/\/mitrestorres.com\/wp-content\/uploads\/sites\/2\/2023\/06\/mifa2019-300x213.png","medium-width":300,"medium-height":213,"medium_large":"https:\/\/mitrestorres.com\/wp-content\/uploads\/sites\/2\/2023\/06\/mifa2019.png","medium_large-width":532,"medium_large-height":378,"large":"https:\/\/mitrestorres.com\/wp-content\/uploads\/sites\/2\/2023\/06\/mifa2019.png","large-width":532,"large-height":378,"1536x1536":"https:\/\/mitrestorres.com\/wp-content\/uploads\/sites\/2\/2023\/06\/mifa2019.png","1536x1536-width":532,"1536x1536-height":378,"2048x2048":"https:\/\/mitrestorres.com\/wp-content\/uploads\/sites\/2\/2023\/06\/mifa2019.png","2048x2048-width":532,"2048x2048-height":378}}}},{"blocks":{"title":"2020","content":"Campanya \"Per veure't Sempre\"","image":{"ID":8720,"id":8720,"title":"mifa2020","filename":"mifa2020.png","filesize":320084,"url":"https:\/\/mitrestorres.com\/wp-content\/uploads\/sites\/2\/2023\/06\/mifa2020.png","link":"https:\/\/mitrestorres.com\/ca\/mi-fundacio-alex\/sobre-la-fundacio\/mifa2020-2\/","alt":"","author":"1","description":"","caption":"","name":"mifa2020-2","status":"inherit","uploaded_to":8769,"date":"2023-06-15 07:48:15","modified":"2023-06-15 07:48:15","menu_order":0,"mime_type":"image\/png","type":"image","subtype":"png","icon":"https:\/\/mitrestorres.com\/wp-includes\/images\/media\/default.png","width":532,"height":378,"sizes":{"thumbnail":"https:\/\/mitrestorres.com\/wp-content\/uploads\/sites\/2\/2023\/06\/mifa2020-150x150.png","thumbnail-width":150,"thumbnail-height":150,"medium":"https:\/\/mitrestorres.com\/wp-content\/uploads\/sites\/2\/2023\/06\/mifa2020-300x213.png","medium-width":300,"medium-height":213,"medium_large":"https:\/\/mitrestorres.com\/wp-content\/uploads\/sites\/2\/2023\/06\/mifa2020.png","medium_large-width":532,"medium_large-height":378,"large":"https:\/\/mitrestorres.com\/wp-content\/uploads\/sites\/2\/2023\/06\/mifa2020.png","large-width":532,"large-height":378,"1536x1536":"https:\/\/mitrestorres.com\/wp-content\/uploads\/sites\/2\/2023\/06\/mifa2020.png","1536x1536-width":532,"1536x1536-height":378,"2048x2048":"https:\/\/mitrestorres.com\/wp-content\/uploads\/sites\/2\/2023\/06\/mifa2020.png","2048x2048-width":532,"2048x2048-height":378}}}},{"blocks":{"title":"2022","content":"Creaci\u00f3 de l'Atl\u00e8tic Lleida Genuine","image":{"ID":8722,"id":8722,"title":"mifa2022","filename":"mifa2022.png","filesize":344283,"url":"https:\/\/mitrestorres.com\/wp-content\/uploads\/sites\/2\/2023\/06\/mifa2022.png","link":"https:\/\/mitrestorres.com\/ca\/mi-fundacio-alex\/sobre-la-fundacio\/mifa2022-2\/","alt":"","author":"1","description":"","caption":"","name":"mifa2022-2","status":"inherit","uploaded_to":8769,"date":"2023-06-15 07:48:36","modified":"2023-06-15 07:48:36","menu_order":0,"mime_type":"image\/png","type":"image","subtype":"png","icon":"https:\/\/mitrestorres.com\/wp-includes\/images\/media\/default.png","width":532,"height":378,"sizes":{"thumbnail":"https:\/\/mitrestorres.com\/wp-content\/uploads\/sites\/2\/2023\/06\/mifa2022-150x150.png","thumbnail-width":150,"thumbnail-height":150,"medium":"https:\/\/mitrestorres.com\/wp-content\/uploads\/sites\/2\/2023\/06\/mifa2022-300x213.png","medium-width":300,"medium-height":213,"medium_large":"https:\/\/mitrestorres.com\/wp-content\/uploads\/sites\/2\/2023\/06\/mifa2022.png","medium_large-width":532,"medium_large-height":378,"large":"https:\/\/mitrestorres.com\/wp-content\/uploads\/sites\/2\/2023\/06\/mifa2022.png","large-width":532,"large-height":378,"1536x1536":"https:\/\/mitrestorres.com\/wp-content\/uploads\/sites\/2\/2023\/06\/mifa2022.png","1536x1536-width":532,"1536x1536-height":378,"2048x2048":"https:\/\/mitrestorres.com\/wp-content\/uploads\/sites\/2\/2023\/06\/mifa2022.png","2048x2048-width":532,"2048x2048-height":378}}}}]}},"uagb_featured_image_src":{"full":false,"thumbnail":false,"medium":false,"medium_large":false,"large":false,"1536x1536":false,"2048x2048":false},"uagb_author_info":{"display_name":"@clinicasmi","author_link":"https:\/\/mitrestorres.com\/ca\/author\/clinicasmi\/"},"uagb_comment_info":0,"uagb_excerpt":"A Mi Fundaci\u00f3 \u00c0lex treballem per millorar la salut i el benestar, f\u00edsic i emocional, de les persones, amb especial atenci\u00f3 a aquelles amb capacitats diverses, a les comunitats on Cl\u00edniques Mi \u00e9s present.","_links":{"self":[{"href":"https:\/\/mitrestorres.com\/ca\/wp-json\/wp\/v2\/pages\/8769","targetHints":{"allow":["GET"]}}],"collection":[{"href":"https:\/\/mitrestorres.com\/ca\/wp-json\/wp\/v2\/pages"}],"about":[{"href":"https:\/\/mitrestorres.com\/ca\/wp-json\/wp\/v2\/types\/page"}],"author":[{"embeddable":true,"href":"https:\/\/mitrestorres.com\/ca\/wp-json\/wp\/v2\/users\/1"}],"replies":[{"embeddable":true,"href":"https:\/\/mitrestorres.com\/ca\/wp-json\/wp\/v2\/comments?post=8769"}],"version-history":[{"count":7,"href":"https:\/\/mitrestorres.com\/ca\/wp-json\/wp\/v2\/pages\/8769\/revisions"}],"predecessor-version":[{"id":12207,"href":"https:\/\/mitrestorres.com\/ca\/wp-json\/wp\/v2\/pages\/8769\/revisions\/12207"}],"up":[{"embeddable":true,"href":"https:\/\/mitrestorres.com\/ca\/wp-json\/wp\/v2\/pages\/8099"}],"wp:attachment":[{"href":"https:\/\/mitrestorres.com\/ca\/wp-json\/wp\/v2\/media?parent=8769"}],"curies":[{"name":"wp","href":"https:\/\/api.w.org\/{rel}","templated":true}]}}