{"id":318,"date":"2022-10-20T09:55:07","date_gmt":"2022-10-20T07:55:07","guid":{"rendered":"https:\/\/minovalianca.clinicas-mi.local\/?page_id=318"},"modified":"2025-10-01T07:15:50","modified_gmt":"2025-10-01T05:15:50","slug":"sobre-mi","status":"publish","type":"page","link":"https:\/\/mitrestorres.com\/ca\/la-clinica\/sobre-mi\/","title":{"rendered":"Sobre Cl\u00edniques Mi"},"content":{"rendered":"\n<p>A Cl\u00edniques Mi som un grup familiar d\u2019hospitals privats, que gestiona dos centres hospitalaris a Barcelona i a Lleida. Amb una profunda consci\u00e8ncia social, treballem per oferir un entorn sanitari responsable i amb la mirada centrada en el pacient.<\/p>\n","protected":false},"excerpt":{"rendered":"<p>A Cl\u00edniques Mi som un grup familiar d\u2019hospitals privats, que gestiona dos centres hospitalaris a Barcelona i a Lleida. Amb una profunda consci\u00e8ncia social, treballem per oferir un entorn sanitari responsable i amb la mirada centrada en el pacient.<\/p>\n","protected":false},"author":1,"featured_media":0,"parent":3111,"menu_order":0,"comment_status":"closed","ping_status":"closed","template":"templates\/sobre_mi.php","meta":{"_acf_changed":false,"_uag_custom_page_level_css":"","footnotes":""},"class_list":["post-318","page","type-page","status-publish","hentry"],"acf":{"anar_al_web":{"title":"Curem i cuidem","content":"<p>El nostre model assistencial es basa en la filosofia de curar i cuidar. A Cl\u00edniques Mi oferim una atenci\u00f3 personalitzada i tractem cadascun dels nostres pacients amb estima i afecte, vetllant en tot moment perqu\u00e8 estiguin protegits i cuidats.<\/p>\n","link":{"title":"Anar al web de Cl\u00edniques Mi","url":"https:\/\/clinicasmi.com\/","target":""},"image":{"ID":7848,"id":7848,"title":"mitt_clinicasmi","filename":"mitt_clinicasmi.png","filesize":1287534,"url":"https:\/\/mitrestorres.com\/wp-content\/uploads\/sites\/2\/2023\/06\/mitt_clinicasmi.png","link":"https:\/\/mitrestorres.com\/ca\/la-clinica\/sobre-mi\/mitt_clinicasmi-2\/","alt":"","author":"1","description":"","caption":"","name":"mitt_clinicasmi-2","status":"inherit","uploaded_to":318,"date":"2023-06-08 06:31:27","modified":"2023-06-08 06:31:27","menu_order":0,"mime_type":"image\/png","type":"image","subtype":"png","icon":"https:\/\/mitrestorres.com\/wp-includes\/images\/media\/default.png","width":956,"height":746,"sizes":{"thumbnail":"https:\/\/mitrestorres.com\/wp-content\/uploads\/sites\/2\/2023\/06\/mitt_clinicasmi-150x150.png","thumbnail-width":150,"thumbnail-height":150,"medium":"https:\/\/mitrestorres.com\/wp-content\/uploads\/sites\/2\/2023\/06\/mitt_clinicasmi-300x234.png","medium-width":300,"medium-height":234,"medium_large":"https:\/\/mitrestorres.com\/wp-content\/uploads\/sites\/2\/2023\/06\/mitt_clinicasmi-768x599.png","medium_large-width":640,"medium_large-height":499,"large":"https:\/\/mitrestorres.com\/wp-content\/uploads\/sites\/2\/2023\/06\/mitt_clinicasmi.png","large-width":640,"large-height":499,"1536x1536":"https:\/\/mitrestorres.com\/wp-content\/uploads\/sites\/2\/2023\/06\/mitt_clinicasmi.png","1536x1536-width":956,"1536x1536-height":746,"2048x2048":"https:\/\/mitrestorres.com\/wp-content\/uploads\/sites\/2\/2023\/06\/mitt_clinicasmi.png","2048x2048-width":956,"2048x2048-height":746}}},"comite":{"title":"Comit\u00e8 de Direcci\u00f3","content":"<p>El Comit\u00e8 de direcci\u00f3 est\u00e0 integrat per professionals altament compromesos, amb una \u00e0mplia experi\u00e8ncia en les  seves respectives \u00e0rees de coneixement. Treballen de manera conjunta per assegurar una atenci\u00f3 de qualitat excepcional als nostres pacients, aix\u00ed com per garantir el funcionament eficient i l\u2019assoliment dels objectius i valors establerts per a la cl\u00ednica.<\/p>\n","link":{"title":"Saber m\u00e9s sobre el Comit\u00e8 de Direcci\u00f3","url":"https:\/\/mitrestorres.com\/ca\/la-clinica\/comite-de-direccio\/","target":""},"image":{"ID":8059,"id":8059,"title":"grupomi","filename":"grupomi.png","filesize":1030550,"url":"https:\/\/mitrestorres.com\/wp-content\/uploads\/sites\/2\/2023\/06\/grupomi.png","link":"https:\/\/mitrestorres.com\/ca\/la-clinica\/sobre-mi\/grupomi-2\/","alt":"","author":"1","description":"","caption":"","name":"grupomi-2","status":"inherit","uploaded_to":318,"date":"2023-06-13 09:12:02","modified":"2023-06-13 09:12:02","menu_order":0,"mime_type":"image\/png","type":"image","subtype":"png","icon":"https:\/\/mitrestorres.com\/wp-includes\/images\/media\/default.png","width":824,"height":684,"sizes":{"thumbnail":"https:\/\/mitrestorres.com\/wp-content\/uploads\/sites\/2\/2023\/06\/grupomi-150x150.png","thumbnail-width":150,"thumbnail-height":150,"medium":"https:\/\/mitrestorres.com\/wp-content\/uploads\/sites\/2\/2023\/06\/grupomi-300x249.png","medium-width":300,"medium-height":249,"medium_large":"https:\/\/mitrestorres.com\/wp-content\/uploads\/sites\/2\/2023\/06\/grupomi-768x638.png","medium_large-width":640,"medium_large-height":532,"large":"https:\/\/mitrestorres.com\/wp-content\/uploads\/sites\/2\/2023\/06\/grupomi.png","large-width":640,"large-height":531,"1536x1536":"https:\/\/mitrestorres.com\/wp-content\/uploads\/sites\/2\/2023\/06\/grupomi.png","1536x1536-width":824,"1536x1536-height":684,"2048x2048":"https:\/\/mitrestorres.com\/wp-content\/uploads\/sites\/2\/2023\/06\/grupomi.png","2048x2048-width":824,"2048x2048-height":684}}},"clinicas":[{"clinica":{"title":"Cl\u00ednica Mi Tres Torres","content":"<p>Centre sanitari de refer\u00e8ncia a Barcelona ubicat en un entorn molt confortable. Disposa d\u2019un edifici d\u2019hospitalitzaci\u00f3 i quir\u00f2fans, situat al carrer Dr. Roux, 76, i diversos edificis de consultes externes situades a la Via Augusta i als carrers Dr. Carulla i Dr. Roux.<\/p>\n","link":"","image":{"ID":8055,"id":8055,"title":"mitrestorres","filename":"mitrestorres.png","filesize":667581,"url":"https:\/\/mitrestorres.com\/wp-content\/uploads\/sites\/2\/2023\/06\/mitrestorres.png","link":"https:\/\/mitrestorres.com\/ca\/la-clinica\/sobre-mi\/mitrestorres-2\/","alt":"","author":"1","description":"","caption":"","name":"mitrestorres-2","status":"inherit","uploaded_to":318,"date":"2023-06-13 09:10:31","modified":"2023-06-13 09:10:31","menu_order":0,"mime_type":"image\/png","type":"image","subtype":"png","icon":"https:\/\/mitrestorres.com\/wp-includes\/images\/media\/default.png","width":1086,"height":534,"sizes":{"thumbnail":"https:\/\/mitrestorres.com\/wp-content\/uploads\/sites\/2\/2023\/06\/mitrestorres-150x150.png","thumbnail-width":150,"thumbnail-height":150,"medium":"https:\/\/mitrestorres.com\/wp-content\/uploads\/sites\/2\/2023\/06\/mitrestorres-300x148.png","medium-width":300,"medium-height":148,"medium_large":"https:\/\/mitrestorres.com\/wp-content\/uploads\/sites\/2\/2023\/06\/mitrestorres-768x378.png","medium_large-width":640,"medium_large-height":315,"large":"https:\/\/mitrestorres.com\/wp-content\/uploads\/sites\/2\/2023\/06\/mitrestorres-1024x504.png","large-width":640,"large-height":315,"1536x1536":"https:\/\/mitrestorres.com\/wp-content\/uploads\/sites\/2\/2023\/06\/mitrestorres.png","1536x1536-width":1086,"1536x1536-height":534,"2048x2048":"https:\/\/mitrestorres.com\/wp-content\/uploads\/sites\/2\/2023\/06\/mitrestorres.png","2048x2048-width":1086,"2048x2048-height":534}}}},{"clinica":{"title":"Cl\u00ednica Mi NovAlian\u00e7a","content":"<p>Centre sanitari de refer\u00e8ncia amb d\u00e8cades d\u2019hist\u00f2ria a Lleida. Disposa de dos edificis recentment reformats. El primer, d\u2019hospitalitzaci\u00f3 i quir\u00f2fans, a Prat de la Riba i, el segon, al C. de la Premsa, amb 44 consultes amb prop de 100 professionals que donen servei a uns 82.000 pacients l\u2019any.<\/p>\n","link":{"title":"Anar al web de Cl\u00ednica Mi NovAlian\u00e7a","url":"https:\/\/www.xn--minovaliana-v9a.com\/ca\/","target":""},"image":{"ID":8057,"id":8057,"title":"minovalianca","filename":"minovalianca.png","filesize":696551,"url":"https:\/\/mitrestorres.com\/wp-content\/uploads\/sites\/2\/2023\/06\/minovalianca.png","link":"https:\/\/mitrestorres.com\/ca\/la-clinica\/sobre-mi\/minovalianca-2-2\/","alt":"","author":"1","description":"","caption":"","name":"minovalianca-2-2","status":"inherit","uploaded_to":318,"date":"2023-06-13 09:11:28","modified":"2023-06-13 09:11:28","menu_order":0,"mime_type":"image\/png","type":"image","subtype":"png","icon":"https:\/\/mitrestorres.com\/wp-includes\/images\/media\/default.png","width":1086,"height":534,"sizes":{"thumbnail":"https:\/\/mitrestorres.com\/wp-content\/uploads\/sites\/2\/2023\/06\/minovalianca-150x150.png","thumbnail-width":150,"thumbnail-height":150,"medium":"https:\/\/mitrestorres.com\/wp-content\/uploads\/sites\/2\/2023\/06\/minovalianca-300x148.png","medium-width":300,"medium-height":148,"medium_large":"https:\/\/mitrestorres.com\/wp-content\/uploads\/sites\/2\/2023\/06\/minovalianca-768x378.png","medium_large-width":640,"medium_large-height":315,"large":"https:\/\/mitrestorres.com\/wp-content\/uploads\/sites\/2\/2023\/06\/minovalianca-1024x504.png","large-width":640,"large-height":315,"1536x1536":"https:\/\/mitrestorres.com\/wp-content\/uploads\/sites\/2\/2023\/06\/minovalianca.png","1536x1536-width":1086,"1536x1536-height":534,"2048x2048":"https:\/\/mitrestorres.com\/wp-content\/uploads\/sites\/2\/2023\/06\/minovalianca.png","2048x2048-width":1086,"2048x2048-height":534}}}}]},"uagb_featured_image_src":{"full":false,"thumbnail":false,"medium":false,"medium_large":false,"large":false,"1536x1536":false,"2048x2048":false},"uagb_author_info":{"display_name":"@clinicasmi","author_link":"https:\/\/mitrestorres.com\/ca\/author\/clinicasmi\/"},"uagb_comment_info":0,"uagb_excerpt":"A Cl\u00edniques Mi som un grup familiar d\u2019hospitals privats, que gestiona dos centres hospitalaris a Barcelona i a Lleida. Amb una profunda consci\u00e8ncia social, treballem per oferir un entorn sanitari responsable i amb la mirada centrada en el pacient.","_links":{"self":[{"href":"https:\/\/mitrestorres.com\/ca\/wp-json\/wp\/v2\/pages\/318","targetHints":{"allow":["GET"]}}],"collection":[{"href":"https:\/\/mitrestorres.com\/ca\/wp-json\/wp\/v2\/pages"}],"about":[{"href":"https:\/\/mitrestorres.com\/ca\/wp-json\/wp\/v2\/types\/page"}],"author":[{"embeddable":true,"href":"https:\/\/mitrestorres.com\/ca\/wp-json\/wp\/v2\/users\/1"}],"replies":[{"embeddable":true,"href":"https:\/\/mitrestorres.com\/ca\/wp-json\/wp\/v2\/comments?post=318"}],"version-history":[{"count":11,"href":"https:\/\/mitrestorres.com\/ca\/wp-json\/wp\/v2\/pages\/318\/revisions"}],"predecessor-version":[{"id":12784,"href":"https:\/\/mitrestorres.com\/ca\/wp-json\/wp\/v2\/pages\/318\/revisions\/12784"}],"up":[{"embeddable":true,"href":"https:\/\/mitrestorres.com\/ca\/wp-json\/wp\/v2\/pages\/3111"}],"wp:attachment":[{"href":"https:\/\/mitrestorres.com\/ca\/wp-json\/wp\/v2\/media?parent=318"}],"curies":[{"name":"wp","href":"https:\/\/api.w.org\/{rel}","templated":true}]}}