{"id":12770,"date":"2025-09-11T07:38:39","date_gmt":"2025-09-11T05:38:39","guid":{"rendered":"https:\/\/mitrestorres.com\/unidad-de-microbiota-aplicada-uma\/"},"modified":"2025-11-27T07:40:33","modified_gmt":"2025-11-27T06:40:33","slug":"unidad-de-microbiota-aplicada-uma","status":"publish","type":"page","link":"https:\/\/mitrestorres.com\/ca\/unidad-de-microbiota-aplicada-uma\/","title":{"rendered":"Unitat de Microbiota Aplicada (UMA)"},"content":{"rendered":"\n<div class=\"wp-block-group\"><div class=\"wp-block-group__inner-container is-layout-constrained wp-block-group-is-layout-constrained\">\n<div class=\"wp-block-uagb-container uagb-block-dac429d5 alignwide uagb-is-root-container\">\n<div class=\"wp-block-uagb-slider uagb-block-e9447db3 uagb-slider-container\"><div class=\"uagb-slides uagb-swiper\"><div class=\"swiper-wrapper\">\n<div class=\"wp-block-uagb-slider-child uagb-slider-child-wrap swiper-slide uagb-block-da9c6411\"><div class=\"swiper-content\">\n<div class=\"wp-block-uagb-container uagb-block-f772c388 alignfull uagb-is-root-container\"><div class=\"uagb-container-inner-blocks-wrap\">\n<div class=\"wp-block-uagb-container uagb-block-438e1e9c\"><\/div>\n\n\n\n<div class=\"wp-block-uagb-container uagb-block-c28b28e4\">\n<div class=\"wp-block-uagb-advanced-heading uagb-block-ce78a497\"><h2 class=\"uagb-heading-text\"><br>Unitat de Microbiota Aplicada (UMA)<\/h2><\/div>\n\n\n\n<div class=\"wp-block-uagb-advanced-heading uagb-block-d2b6f204\"><h3 class=\"uagb-heading-text\">La salut comen\u00e7a a l\u2019intest\u00ed: cuida la teva microbiota<\/h3><\/div>\n\n\n\n<p class=\"has-white-color has-text-color has-link-color wp-elements-8016cf36f8d190cc814c74e04dc46488\" style=\"font-size:16px\">Millora la teva salut digestiva i general amb un abordatge cient\u00edfic i personalitzat. Descobreix la nova unitat i demana m\u00e9s informaci\u00f3 avui mateix.<\/p>\n\n\n\n<p class=\"has-white-color has-text-color has-link-color wp-elements-1fc13da45dc8fd6d9e77ff5c3c9a9b42\" style=\"font-size:16px\"><\/p>\n\n\n\n<div class=\"wp-block-uagb-buttons uagb-buttons__outer-wrap uagb-btn__default-btn uagb-btn-tablet__default-btn uagb-btn-mobile__default-btn uagb-block-9df2a060\"><div class=\"uagb-buttons__wrap uagb-buttons-layout-wrap \">\n<div class=\"wp-block-uagb-buttons-child uagb-buttons__outer-wrap uagb-block-365ef503 wp-block-button\"><div class=\"uagb-button__wrapper\"><a class=\"uagb-buttons-repeater wp-block-button__link\" aria-label=\"\" href=\" https:\/\/app.tuotempo.com\/mop\/index.php?dbName=tt_qsoft_trestorres_prod&amp;typologyid=sc1691dbcb7385e1\" rel=\"follow noopener\" target=\"_blank\" role=\"button\"><div class=\"uagb-button__link\">Demana cita avui mateix<\/div><\/a><\/div><\/div>\n<\/div><\/div>\n\n\n\n<div style=\"height:10px\" aria-hidden=\"true\" class=\"wp-block-spacer\"><\/div>\n<\/div>\n<\/div><\/div>\n<\/div><\/div>\n<\/div><\/div><div class=\"swiper-pagination\"><\/div><\/div>\n<\/div>\n\n\n\n<div class=\"wp-block-uagb-container uagb-block-f02ee55d alignfull uagb-is-root-container\"><div class=\"uagb-container-inner-blocks-wrap\">\n<div class=\"wp-block-uagb-container uagb-block-33c47087\">\n<div class=\"wp-block-uagb-advanced-heading uagb-block-078c882b\"><h3 class=\"uagb-heading-text\">Serveis pensats per cuidar la teva salut des de l\u2019origen<\/h3><\/div>\n<\/div>\n\n\n\n<div class=\"wp-block-uagb-container uagb-block-a22404c6\">\n<ul class=\"wp-block-list\">\n<li><strong>Estudi personalitzat de la microbiota<\/strong><br>Analitzem l\u2019estat del teu ecosistema intestinal amb proves de laboratori avan\u00e7ades.<\/li>\n\n\n\n<li><strong>Avaluaci\u00f3 m\u00e8dica especialitzada<\/strong><br>Els nostres experts valoren el teu cas i t\u2019acompanyen durant tot el proc\u00e9s.<\/li>\n\n\n\n<li><strong>Tractaments adaptats a cada pacient<\/strong><br>Propostes terap\u00e8utiques individualitzades basades en evid\u00e8ncia cient\u00edfica.<\/li>\n\n\n\n<li><strong>Enfocament integral de la salut<\/strong><br>Tenim en compte l\u2019estat digestiu, immunol\u00f2gic i metab\u00f2lic del pacient.<\/li>\n\n\n\n<li><strong>Equip multidisciplinari<\/strong><br>Digest\u00f2legs, metges de fam\u00edlia i nutricionistes treballant en coordinaci\u00f3.<\/li>\n<\/ul>\n<\/div>\n<\/div><\/div>\n\n\n\n<div class=\"wp-block-uagb-container uagb-block-462ab2d6 alignfull uagb-is-root-container\"><div class=\"uagb-container-inner-blocks-wrap\">\n<div class=\"wp-block-uagb-advanced-heading uagb-block-af8f145e\"><h3 class=\"uagb-heading-text\">Des del primer contacte fins al seguiment: aix\u00ed t\u2019acompanyem.<\/h3><\/div>\n\n\n\n<div class=\"wp-block-uagb-container uagb-block-49098775\">\n<div class=\"wp-block-uagb-container uagb-block-a8706f71\">\n<figure class=\"wp-block-image size-full is-resized\"><img loading=\"lazy\" decoding=\"async\" width=\"446\" height=\"446\" src=\"https:\/\/mitrestorres.com\/wp-content\/uploads\/sites\/2\/2025\/08\/ico_midim_mitt__05.png\" alt=\"\" class=\"wp-image-12622\" style=\"object-fit:cover;width:100px;height:100px\" srcset=\"https:\/\/mitrestorres.com\/wp-content\/uploads\/sites\/2\/2025\/08\/ico_midim_mitt__05.png 446w, https:\/\/mitrestorres.com\/wp-content\/uploads\/sites\/2\/2025\/08\/ico_midim_mitt__05-300x300.png 300w, https:\/\/mitrestorres.com\/wp-content\/uploads\/sites\/2\/2025\/08\/ico_midim_mitt__05-150x150.png 150w\" sizes=\"auto, (max-width: 446px) 100vw, 446px\" \/><\/figure>\n\n\n\n<p><strong>Prescripci\u00f3 m\u00e8dica<\/strong><\/p>\n\n\n\n<p>Un metge especialista valora si l\u2019estudi de microbiota \u00e9s adequat per al teu cas.<\/p>\n<\/div>\n\n\n\n<div class=\"wp-block-uagb-container uagb-block-97c2e743\">\n<figure class=\"wp-block-image size-full is-resized\"><img loading=\"lazy\" decoding=\"async\" width=\"446\" height=\"446\" src=\"https:\/\/mitrestorres.com\/wp-content\/uploads\/sites\/2\/2025\/09\/ico_uma_01.png\" alt=\"\" class=\"wp-image-12756\" style=\"object-fit:cover;width:100px;height:100px\" srcset=\"https:\/\/mitrestorres.com\/wp-content\/uploads\/sites\/2\/2025\/09\/ico_uma_01.png 446w, https:\/\/mitrestorres.com\/wp-content\/uploads\/sites\/2\/2025\/09\/ico_uma_01-300x300.png 300w, https:\/\/mitrestorres.com\/wp-content\/uploads\/sites\/2\/2025\/09\/ico_uma_01-150x150.png 150w\" sizes=\"auto, (max-width: 446px) 100vw, 446px\" \/><\/figure>\n\n\n\n<p><strong>Recollida de la mostra<\/strong><\/p>\n\n\n\n<p>El pacient rep un kit amb instruccions clares per fer la recollida de la mostra de femta al seu domicili.<\/p>\n<\/div>\n\n\n\n<div class=\"wp-block-uagb-container uagb-block-e5a61670\">\n<figure class=\"wp-block-image size-full is-resized\"><img loading=\"lazy\" decoding=\"async\" width=\"446\" height=\"446\" src=\"https:\/\/mitrestorres.com\/wp-content\/uploads\/sites\/2\/2025\/09\/ico_uma_02_.png\" alt=\"\" class=\"wp-image-12761\" style=\"object-fit:cover;width:100px;height:100px\" srcset=\"https:\/\/mitrestorres.com\/wp-content\/uploads\/sites\/2\/2025\/09\/ico_uma_02_.png 446w, https:\/\/mitrestorres.com\/wp-content\/uploads\/sites\/2\/2025\/09\/ico_uma_02_-300x300.png 300w, https:\/\/mitrestorres.com\/wp-content\/uploads\/sites\/2\/2025\/09\/ico_uma_02_-150x150.png 150w\" sizes=\"auto, (max-width: 446px) 100vw, 446px\" \/><\/figure>\n\n\n\n<p><strong>Transport al laboratori<\/strong><\/p>\n\n\n\n<p>Un servei de missatgeria especialitzat recull la mostra i la fa arribar al laboratori.<\/p>\n<\/div>\n<\/div>\n\n\n\n<div class=\"wp-block-uagb-container uagb-block-422d7d96\">\n<div class=\"wp-block-uagb-container uagb-block-f6ddf4d2\">\n<figure class=\"wp-block-image size-full is-resized\"><img loading=\"lazy\" decoding=\"async\" width=\"446\" height=\"446\" src=\"https:\/\/mitrestorres.com\/wp-content\/uploads\/sites\/2\/2025\/08\/ico_uomi_mitt_04.png\" alt=\"\" class=\"wp-image-12547\" style=\"object-fit:cover;width:100px;height:100px\" srcset=\"https:\/\/mitrestorres.com\/wp-content\/uploads\/sites\/2\/2025\/08\/ico_uomi_mitt_04.png 446w, https:\/\/mitrestorres.com\/wp-content\/uploads\/sites\/2\/2025\/08\/ico_uomi_mitt_04-300x300.png 300w, https:\/\/mitrestorres.com\/wp-content\/uploads\/sites\/2\/2025\/08\/ico_uomi_mitt_04-150x150.png 150w\" sizes=\"auto, (max-width: 446px) 100vw, 446px\" \/><\/figure>\n\n\n\n<p><strong>An\u00e0lisi i resultats<\/strong><\/p>\n\n\n\n<p>La mostra es processa amb tecnologia d\u2019\u00faltima generaci\u00f3, com \u00e9s la PCR en temps real i es genera l\u2019informe detallat de resultats.<\/p>\n<\/div>\n\n\n\n<div class=\"wp-block-uagb-container uagb-block-9c528a85\">\n<figure class=\"wp-block-image size-full is-resized\"><img loading=\"lazy\" decoding=\"async\" width=\"446\" height=\"446\" src=\"https:\/\/mitrestorres.com\/wp-content\/uploads\/sites\/2\/2025\/08\/ico_uomi_mitt_01.png\" alt=\"\" class=\"wp-image-12532\" style=\"object-fit:cover;width:100px;height:100px\" srcset=\"https:\/\/mitrestorres.com\/wp-content\/uploads\/sites\/2\/2025\/08\/ico_uomi_mitt_01.png 446w, https:\/\/mitrestorres.com\/wp-content\/uploads\/sites\/2\/2025\/08\/ico_uomi_mitt_01-300x300.png 300w, https:\/\/mitrestorres.com\/wp-content\/uploads\/sites\/2\/2025\/08\/ico_uomi_mitt_01-150x150.png 150w\" sizes=\"auto, (max-width: 446px) 100vw, 446px\" \/><\/figure>\n\n\n\n<p><strong>Visita de valoraci\u00f3<\/strong><\/p>\n\n\n\n<p>Un professional de la UMA interpreta els resultats i t\u2019ofereix un pla d\u2019acci\u00f3 personalitzat.<\/p>\n<\/div>\n\n\n\n<div class=\"wp-block-uagb-container uagb-block-21d89e0f\">\n<figure class=\"wp-block-image size-full is-resized\"><img loading=\"lazy\" decoding=\"async\" width=\"446\" height=\"446\" src=\"https:\/\/mitrestorres.com\/wp-content\/uploads\/sites\/2\/2025\/08\/ico_midim_mitt__02.png\" alt=\"\" class=\"wp-image-12616\" style=\"object-fit:cover;width:100px;height:100px\" srcset=\"https:\/\/mitrestorres.com\/wp-content\/uploads\/sites\/2\/2025\/08\/ico_midim_mitt__02.png 446w, https:\/\/mitrestorres.com\/wp-content\/uploads\/sites\/2\/2025\/08\/ico_midim_mitt__02-300x300.png 300w, https:\/\/mitrestorres.com\/wp-content\/uploads\/sites\/2\/2025\/08\/ico_midim_mitt__02-150x150.png 150w\" sizes=\"auto, (max-width: 446px) 100vw, 446px\" \/><\/figure>\n\n\n\n<p><strong>Seguiment i millora<\/strong><\/p>\n\n\n\n<p>Fem seguiment per valorar l\u2019evoluci\u00f3 i adaptar el tractament si cal.<\/p>\n<\/div>\n<\/div>\n\n\n\n<div class=\"wp-block-uagb-buttons uagb-buttons__outer-wrap uagb-btn__default-btn uagb-btn-tablet__default-btn uagb-btn-mobile__default-btn uagb-block-66ab5383\"><div class=\"uagb-buttons__wrap uagb-buttons-layout-wrap \">\n<div class=\"wp-block-uagb-buttons-child uagb-buttons__outer-wrap uagb-block-b8ef22af wp-block-button\"><div class=\"uagb-button__wrapper\"><a class=\"uagb-buttons-repeater wp-block-button__link\" aria-label=\"\" href=\"#contacte\" rel=\"follow noopener\" target=\"_self\" role=\"button\"><div class=\"uagb-button__link\">Vull saber-ne m\u00e9s<\/div><\/a><\/div><\/div>\n<\/div><\/div>\n<\/div><\/div>\n\n\n\n<div class=\"wp-block-uagb-container uagb-block-23f32969 alignfull uagb-is-root-container\"><div class=\"uagb-container-inner-blocks-wrap\">\n<div class=\"wp-block-uagb-container uagb-block-f12ec9b7\">\n<div class=\"wp-block-uagb-advanced-heading uagb-block-f60dc7f0\"><h2 class=\"uagb-heading-text\">Una mirada nova per entendre la teva salut<\/h2><\/div>\n\n\n\n<p><strong>La microbiota, clau per prevenir i millorar malalties<\/strong>.<br>L\u2019estudi de la microbiota permet abordar l\u2019origen de moltes alteracions digestives, metab\u00f2liques i immunol\u00f2giques amb una visi\u00f3 integral i cient\u00edfica.<\/p>\n<\/div>\n\n\n\n<div class=\"wp-block-uagb-container uagb-block-0e63a33b\"><\/div>\n<\/div><\/div>\n\n\n\n<div id=\"contacte\" class=\"wp-block-uagb-container uagb-block-13addf80 alignfull uagb-is-root-container\"><div class=\"uagb-container-inner-blocks-wrap\">\n<div class=\"wp-block-uagb-container uagb-block-24adb095\">\n<div class=\"wp-block-contact-form-7-contact-form-selector\">\n<div class=\"wpcf7 no-js\" id=\"wpcf7-f13160-o1\" lang=\"es-ES\" dir=\"ltr\" data-wpcf7-id=\"13160\">\n<div class=\"screen-reader-response\"><p role=\"status\" aria-live=\"polite\" aria-atomic=\"true\"><\/p> <ul><\/ul><\/div>\n<form action=\"\/ca\/wp-json\/wp\/v2\/pages\/12770#wpcf7-f13160-o1\" method=\"post\" class=\"wpcf7-form init\" aria-label=\"Formulario de contacto\" novalidate=\"novalidate\" data-status=\"init\">\n<fieldset class=\"hidden-fields-container\"><input type=\"hidden\" name=\"_wpcf7\" value=\"13160\" \/><input type=\"hidden\" name=\"_wpcf7_version\" value=\"6.1.5\" \/><input type=\"hidden\" name=\"_wpcf7_locale\" value=\"es_ES\" \/><input type=\"hidden\" name=\"_wpcf7_unit_tag\" value=\"wpcf7-f13160-o1\" \/><input type=\"hidden\" name=\"_wpcf7_container_post\" value=\"0\" \/><input type=\"hidden\" name=\"_wpcf7_posted_data_hash\" value=\"\" \/>\n<\/fieldset>\n<p><label class=\"mb-6\"> Nom i cognoms*<br \/>\n<span class=\"wpcf7-form-control-wrap\" data-name=\"your-name\"><input size=\"40\" maxlength=\"400\" class=\"wpcf7-form-control wpcf7-text wpcf7-validates-as-required\" aria-required=\"true\" aria-invalid=\"false\" placeholder=\"Escriu aqu\u00ed el teu nom i cognoms\" value=\"\" type=\"text\" name=\"your-name\" \/><\/span> <\/label>\n<\/p>\n<p><label class=\"mb-6\"> Correu electr\u00f2nic*<br \/>\n<span class=\"wpcf7-form-control-wrap\" data-name=\"your-email\"><input size=\"40\" maxlength=\"400\" class=\"wpcf7-form-control wpcf7-email wpcf7-validates-as-required wpcf7-text wpcf7-validates-as-email\" aria-required=\"true\" aria-invalid=\"false\" placeholder=\"Escriu aqu\u00ed el teu correu electr\u00f2nic\" value=\"\" type=\"email\" name=\"your-email\" \/><\/span> <\/label><br \/>\n<label class=\"mb-6\"> Assumpte<br \/>\n<span class=\"wpcf7-form-control-wrap\" data-name=\"your-message\"><textarea cols=\"40\" rows=\"10\" maxlength=\"2000\" class=\"wpcf7-form-control wpcf7-textarea\" aria-invalid=\"false\" placeholder=\"Escriu aqu\u00ed l\u2019assumpte del teu missatge\" name=\"your-message\"><\/textarea><\/span> <\/label>\n<\/p>\n<div class=\"flex justify-between content-p-flex\">\n\t<p><span class=\"wpcf7-form-control-wrap\" data-name=\"your-consent\"><span class=\"wpcf7-form-control wpcf7-acceptance\"><span class=\"wpcf7-list-item\"><label><input type=\"checkbox\" name=\"your-consent\" value=\"1\" aria-invalid=\"false\" \/><span class=\"wpcf7-list-item-label\">Consenteixo el tractament de les meves dades d'acord amb la <a href=\"\">Pol\u00edtica de Privadesa<\/a> que he llegit i acceptat.<\/span><\/label><\/span><\/span><\/span><input class=\"wpcf7-form-control wpcf7-submit has-spinner\" type=\"submit\" value=\"Enviar\" \/>\n\t<\/p>\n<\/div><div class=\"wpcf7-response-output\" aria-hidden=\"true\"><\/div>\n<\/form>\n<\/div>\n<\/div>\n<\/div>\n\n\n\n<div class=\"wp-block-uagb-container uagb-block-da1d55ac\">\n<div class=\"wp-block-uagb-advanced-heading uagb-block-ec9cbbba\"><h2 class=\"uagb-heading-text\">Resoldrem els teus dubtes i t\u2019acompanyarem en tot moment<\/h2><\/div>\n\n\n\n<p>Contactar amb la UMA \u00e9s el primer pas per millorar la teva salut digestiva i prevenir altres alteracions.<br><br><strong>Truca&#8217;ns al 93 204 13 00<\/strong><br><strong>o escriu-nos a info@mitrestorres.com<\/strong><\/p>\n\n\n\n<p><br><br><\/p>\n<\/div>\n<\/div><\/div>\n<\/div><\/div>\n","protected":false},"excerpt":{"rendered":"<p>Serveis pensats per cuidar la teva salut des de l\u2019origen Des del primer contacte fins al seguiment: aix\u00ed t\u2019acompanyem. Prescripci\u00f3 m\u00e8dica Un metge especialista valora si l\u2019estudi de microbiota \u00e9s adequat per al teu cas. Recollida de la mostra El pacient rep un kit amb instruccions clares per fer la recollida de la mostra de<a href=\"https:\/\/mitrestorres.com\/ca\/unidad-de-microbiota-aplicada-uma\/\" class=\"link post_link ml-2\">Llegir m\u00e9s<\/a><\/p>\n","protected":false},"author":1,"featured_media":0,"parent":0,"menu_order":0,"comment_status":"closed","ping_status":"closed","template":"templates\/landing.php","meta":{"_acf_changed":false,"_uag_custom_page_level_css":"","footnotes":""},"class_list":["post-12770","page","type-page","status-publish","hentry"],"acf":{"pop-up":{"mostrar":[],"title":"","content":"","link":null},"title":"Un equip multidisciplinari comprom\u00e8s amb tu","doctores":[{"ID":13058,"post_author":"1","post_date":"2025-11-18 09:08:19","post_date_gmt":"2025-11-18 08:08:19","post_content":"El Dr. Aldeguer \u00e9s un reconegut gastroenter\u00f2leg amb una \u00e0mplia traject\u00f2ria cl\u00ednica, investigadora i de gesti\u00f3 sanit\u00e0ria. Va ser Cap de Servei de l\u2019Aparell Digestiu dels Hospitals Doctor Josep Trueta i Santa Caterina de Girona\/Salt entre 2011 i 2021, liderant equips multidisciplinaris i projectes d\u2019innovaci\u00f3 hospital\u00e0ria.\r\n\r\nCo-fundador i Director M\u00e8dic de l\u2019empresa biotecnol\u00f2gica GoodGut, fins a la seva adquisici\u00f3 per la companyia farmac\u00e8utica Hipra l\u2019any 2021, sempre ha estat vinculat a la recerca aplicada en microbiota i salut digestiva. Entre 2021 i 2023 va exercir com a Director General de Transfer\u00e8ncia del Coneixement a la Conselleria de Recerca i Universitats, impulsant projectes estrat\u00e8gics d\u2019innovaci\u00f3 i coneixement cient\u00edfic.\r\n\r\nLa seva formaci\u00f3 internacional inclou una beca de la Caixa per estudis de postgrau a l\u2019estranger (1998), amb quatre anys d\u2019investigaci\u00f3 a la Universitat de Pensilv\u00e0nia, Filad\u00e8lfia, EUA. Actualment \u00e9s Investigador Principal de la l\u00ednia de recerca Microbiota i Malalties Digestives de l\u2019Institut de Recerca Biom\u00e8dica de Girona, centrant els seus estudis en la influ\u00e8ncia de la microbiota en malalties funcionals digestives, l\u2019eix cervell-intest\u00ed, longevitat, malaltia inflamat\u00f2ria intestinal i aliments funcionals.\r\n\r\nA m\u00e9s, \u00e9s Professor Associat de la Facultat de Medicina de la Universitat de Girona i Coordinador d\u2019Innovaci\u00f3 Hospital\u00e0ria de l\u2019Alian\u00e7a d\u2019Hospitals Trueta i Santa Caterina, contribuint a la transformaci\u00f3 i millora cont\u00ednua de l\u2019atenci\u00f3 sanit\u00e0ria.","post_title":"Dr. Xavier Aldeguer","post_excerpt":"","post_status":"publish","comment_status":"closed","ping_status":"closed","post_password":"","post_name":"dr-xavier-aldeguer","to_ping":"","pinged":"","post_modified":"2025-11-19 11:59:07","post_modified_gmt":"2025-11-19 10:59:07","post_content_filtered":"","post_parent":0,"guid":"https:\/\/mitrestorres.com\/doctors-mi\/doctors\/dr-xavier-aldeguer\/","menu_order":61,"post_type":"doctor","post_mime_type":"","comment_count":"0","filter":"raw"},{"ID":13014,"post_author":"3","post_date":"2025-11-19 13:07:55","post_date_gmt":"2025-11-19 11:07:55","post_content":"<p data-start=\"0\" data-end=\"253\">Em vaig graduar en Medicina a la Universitat de Barcelona i em vaig especialitzar en Aparell Digestiu a l\u2019Hospital Universitari de Girona Doctor Josep Trueta, on posteriorment vaig treballar com a metgessa adjunta a la Unitat de Malaltia Inflamat\u00f2ria Intestinal.<\/p>\r\n<p data-start=\"0\" data-end=\"253\">Tinc especial inter\u00e8s en el paper de la microbiota intestinal en la salut humana i actualment formo part de la Unitat de Microbiota Aplicada. Tamb\u00e9 s\u00f3c professora a la Universitat de Girona, on imparteixo l\u2019assignatura optativa Microbioma hum\u00e0 i la seva aplicaci\u00f3 cl\u00ednica.<\/p>\r\n<p data-start=\"0\" data-end=\"253\">Actualment curso el m\u00e0ster en Psiconeuroimmunologia Cl\u00ednica de PNI Espa\u00f1a, avalat per la Universidad Pontificia de Salamanca, amb l\u2019objectiu d\u2019adquirir una visi\u00f3 m\u00e9s integradora i global de la medicina.<\/p>","post_title":"Dra. Laia Peries","post_excerpt":"","post_status":"publish","comment_status":"closed","ping_status":"closed","post_password":"","post_name":"dra-laia-peries","to_ping":"","pinged":"","post_modified":"2026-04-23 14:01:45","post_modified_gmt":"2026-04-23 12:01:45","post_content_filtered":"","post_parent":0,"guid":"https:\/\/mitrestorres.com\/?post_type=doctor&#038;p=13014","menu_order":41,"post_type":"doctor","post_mime_type":"","comment_count":"0","filter":"raw"},{"ID":13129,"post_author":"1","post_date":"2025-11-24 06:56:51","post_date_gmt":"2025-11-24 05:56:51","post_content":"S\u00f3c dietista-nutricionista graduat per la Universitat Ramon Llull i m\u00e0ster en Nutrici\u00f3 Cl\u00ednica per la Universitat Europea. Entenc la nutrici\u00f3 com una ci\u00e8ncia de transformaci\u00f3, capa\u00e7 de millorar la salut des de l\u2019arrel. La meva tasca se centra a guiar cada persona en aquest proc\u00e9s, combinant el rigor cient\u00edfic amb la humanitat i l\u2019empatia.\r\n\r\nActualment formo part de la Unitat de Microbiota Aplicada, on, juntament amb el meu equip, treballem per promoure la salut integral a trav\u00e9s de l\u2019equilibri i la cura de la microbiota intestinal.","post_title":"Ignacio Santos","post_excerpt":"","post_status":"publish","comment_status":"closed","ping_status":"closed","post_password":"","post_name":"ignacio-santos","to_ping":"","pinged":"","post_modified":"2026-04-09 13:12:02","post_modified_gmt":"2026-04-09 11:12:02","post_content_filtered":"","post_parent":0,"guid":"https:\/\/mitrestorres.com\/doctors-mi\/doctors\/ignacio-santos\/","menu_order":54,"post_type":"doctor","post_mime_type":"","comment_count":"0","filter":"raw"}]},"uagb_featured_image_src":{"full":false,"thumbnail":false,"medium":false,"medium_large":false,"large":false,"1536x1536":false,"2048x2048":false},"uagb_author_info":{"display_name":"@clinicasmi","author_link":"https:\/\/mitrestorres.com\/ca\/author\/clinicasmi\/"},"uagb_comment_info":0,"uagb_excerpt":"Serveis pensats per cuidar la teva salut des de l\u2019origen Des del primer contacte fins al seguiment: aix\u00ed t\u2019acompanyem. Prescripci\u00f3 m\u00e8dica Un metge especialista valora si l\u2019estudi de microbiota \u00e9s adequat per al teu cas. Recollida de la mostra El pacient rep un kit amb instruccions clares per fer la recollida de la mostra deLlegir&hellip;","_links":{"self":[{"href":"https:\/\/mitrestorres.com\/ca\/wp-json\/wp\/v2\/pages\/12770","targetHints":{"allow":["GET"]}}],"collection":[{"href":"https:\/\/mitrestorres.com\/ca\/wp-json\/wp\/v2\/pages"}],"about":[{"href":"https:\/\/mitrestorres.com\/ca\/wp-json\/wp\/v2\/types\/page"}],"author":[{"embeddable":true,"href":"https:\/\/mitrestorres.com\/ca\/wp-json\/wp\/v2\/users\/1"}],"replies":[{"embeddable":true,"href":"https:\/\/mitrestorres.com\/ca\/wp-json\/wp\/v2\/comments?post=12770"}],"version-history":[{"count":13,"href":"https:\/\/mitrestorres.com\/ca\/wp-json\/wp\/v2\/pages\/12770\/revisions"}],"predecessor-version":[{"id":13170,"href":"https:\/\/mitrestorres.com\/ca\/wp-json\/wp\/v2\/pages\/12770\/revisions\/13170"}],"wp:attachment":[{"href":"https:\/\/mitrestorres.com\/ca\/wp-json\/wp\/v2\/media?parent=12770"}],"curies":[{"name":"wp","href":"https:\/\/api.w.org\/{rel}","templated":true}]}}