{"id":11003,"date":"2024-01-16T08:06:51","date_gmt":"2024-01-16T07:06:51","guid":{"rendered":"https:\/\/mitrestorres.com\/politica-de-privacidad-y-cookies\/"},"modified":"2025-06-19T12:50:53","modified_gmt":"2025-06-19T10:50:53","slug":"politica-de-privadesa","status":"publish","type":"page","link":"https:\/\/mitrestorres.com\/ca\/politica-de-privadesa\/","title":{"rendered":"Pol\u00edtica de privadesa"},"content":{"rendered":"\n<p>El Usuario, al proporcionar sus datos de car\u00e1cter personal, consiente expresamente que se puedan tratar esos datos en los t\u00e9rminos de esta cl\u00e1usula de Pol\u00edtica de Privacidad y Protecci\u00f3n de Datos y para los fines aqu\u00ed expresados y ser\u00e1 el \u00fanico responsable de la veracidad de los datos facilitados.<\/p>\n\n\n\n<p>As\u00ed, el Usuario es responsable de la autenticidad de los datos aportados, debiendo ser exactos, actuales y completos para la finalidad que sean aportados, asumiendo la responsabilidad de los da\u00f1os y perjuicios, tanto por lucro cesante como por da\u00f1o emergente, que se pudieran generar por dichas inexactitudes o falsedades. En todo caso, si los datos aportados en los correspondientes formularios fueran titular de un tercero, el usuario se hace \u00fanico responsable de la correcta captaci\u00f3n del consentimiento e informaci\u00f3n al tercero sobre los aspectos reflejados en el presente aviso legal y pol\u00edticas de privacidad.<\/p>\n\n\n\n<p>Todos los textos legales se encuentran a disposici\u00f3n de los usuarios y\/o interesados en la correspondiente web. Dichos textos podr\u00e1n ser modificados y\/o actualizados seg\u00fan las necesidades y actividades llevadas a cabo por el titular.<\/p>\n\n\n\n<p>En ning\u00fan caso se modificar\u00e1n las pol\u00edticas ni pr\u00e1cticas para hacerlas menos eficaces en la protecci\u00f3n de los datos personales sin el consentimiento previo de los interesados.<\/p>\n\n\n\n<p><strong>Identificaci\u00f3n del Responsable de Tratamiento<\/strong><\/p>\n\n\n\n<figure class=\"wp-block-table\"><table class=\"has-fixed-layout\"><tbody><tr><td><strong>Raz\u00f3n Social del Responsable<\/strong><\/td><td>Instituci\u00f3n Tres Torres, S.A.<\/td><\/tr><tr><td><strong>NIF<\/strong><\/td><td>A08188658<\/td><\/tr><tr><td><strong>Direcci\u00f3n:<\/strong><\/td><td>Calle Doctor Roux, 76<\/td><\/tr><tr><td><strong>Poblaci\u00f3n:<\/strong><\/td><td>BARCELONA<\/td><\/tr><tr><td><strong>C\u00f3digo postal<\/strong><\/td><td>08017<\/td><\/tr><tr><td><strong>Contacto Delegado de Protecci\u00f3n de Datos<\/strong><\/td><td>dpd@clinicasmi.com<\/td><\/tr><tr><td colspan=\"2\"><strong>Grupo Cl\u00ednicas Mi: <\/strong>respecto del tratamiento de datos con la finalidad de agendar una cita, el Responsable del tratamiento ser\u00e1 el centro correspondiente: Cl\u00ednica Mi Tres Torres (Instituci\u00f3n Tres Torres, S.A. (MITT) \/ A08188658 \/ Calle Doctor Roux, 76, 08017 Barcelona).Diagn\u00f3stico (Diagn\u00f3stico por Imagen MITT, S.L. \/ B72751472 \/ Calle Doctor Roux, 76, 08017 Barcelona).Cl\u00ednica Mi Nova Alian\u00e7a (Cl\u00ednica Mi Nova Alian\u00e7a, S.L. (MINA) \/ B25859745 \/ Avda. Prat de la Riba, 79-81, 25004 Lleida). Centro Oftalmol\u00f3gico Tetu\u00e1n (Institut Oftalmol\u00f2gic Avan\u00e7at de Microcirug\u00eda Ocular, S.L.U. \/ B65763609 \/ Plaza de Tetu\u00e1n, 16, planta 0, 08014 Barcelona). Cl\u00ednica Imove Traumatolog\u00eda (Barcelona Medical Trauma, S.L.P. \/ B66585753 \/ Via Augusta, 281 1\u00ba 08017 Barcelona).<\/td><\/tr><\/tbody><\/table><\/figure>\n\n\n\n<p><strong>\u00bfCon qu\u00e9 finalidad\/es recopilamos y tratamos sus datos?<\/strong><strong>&nbsp;&nbsp;&nbsp;&nbsp;&nbsp;&nbsp;&nbsp;&nbsp;&nbsp;&nbsp;&nbsp;<\/strong><\/p>\n\n\n\n<p>De acuerdo con lo dispuesto en la normativa vigente, CLINICA MI NOVA ALIAN\u00c7A S.L. s\u00f3lo recoge los datos estrictamente necesarios para ofrecer los servicios derivados de su actividad y dem\u00e1s prestaciones, gestiones y actividades atribuidas por la Ley.<\/p>\n\n\n\n<p>A trav\u00e9s de la presente web, s\u00f3lo se captan y tratan datos facilitados por los Usuarios con las finalidades de:<\/p>\n\n\n\n<ul class=\"wp-block-list\">\n<li>Gesti\u00f3n sus datos de contacto para atender sus dudas o sugerencias, con la base legal de su consentimiento y la eventual ejecuci\u00f3n de medidas precontractuales.<\/li>\n\n\n\n<li>Gesti\u00f3n de sus datos de contacto para concertar una cita con el centro correspondiente, con la base legal de su consentimiento y la eventual ejecuci\u00f3n de medidas precontractuales y\/o ejecuci\u00f3n de la relaci\u00f3n existente y la prestaci\u00f3n de nuestros servicios sanitarios.<\/li>\n\n\n\n<li>Recepci\u00f3n de su Curr\u00edculum Vitae para que sea tramitado por el departamento correspondiente, con la base legal de su consentimiento y la eventual ejecuci\u00f3n de medidas precontractuales.<\/li>\n\n\n\n<li>Env\u00edo de notificaciones que puedan ser de su inter\u00e9s, con la base legal de su consentimiento expreso.<\/li>\n\n\n\n<li>Habilitaci\u00f3n de Cookies, con la base legal de su consentimiento, para estudios estad\u00edsticos de los datos de los usuarios web, mantener la seguridad del tr\u00e1fico de la web, gestionar los consentimientos prestados o facilitar la configuraci\u00f3n de la web por parte del usuario. Para m\u00e1s informaci\u00f3n, consulte la Pol\u00edtica de Cookies.<\/li>\n<\/ul>\n\n\n\n<p>Se informa de que no se realizar\u00e1n evaluaciones automatizadas, ni se elaborar\u00e1n perfiles de usuarios.<\/p>\n\n\n\n<p><strong>\u00bfDurante cu\u00e1nto tiempo conservamos sus datos personales?<\/strong><\/p>\n\n\n\n<ul class=\"wp-block-list\">\n<li>Los datos de contacto se conservar\u00e1n durante el tiempo necesario para atender su consulta y no se solicite su supresi\u00f3n.<\/li>\n\n\n\n<li>Los datos relativos a las citas m\u00e9dicas se conservar\u00e1n hasta la prescripci\u00f3n de las correspondientes acciones legales que pudieran derivarse de las mismas.<\/li>\n\n\n\n<li>Los datos relativos a informaci\u00f3n de curriculum se conservar\u00e1n durante un plazo m\u00e1ximo de dos a\u00f1os.<\/li>\n\n\n\n<li>Consulte nuestra Pol\u00edtica de Cookies para identificar la vigencia de cada cookie.<\/li>\n<\/ul>\n\n\n\n<p><strong>\u00bfA qu\u00e9 destinatarios se comunicar\u00e1n sus datos?<\/strong><\/p>\n\n\n\n<p>Sus datos podr\u00e1n ser cedidos a autoridades competentes, Fuerzas y Cuerpos de Seguridad del Estado y Juzgados y Tribunales en caso de investigaci\u00f3n o requerimiento.<\/p>\n\n\n\n<p>En relaci\u00f3n con los procesos de selecci\u00f3n y la remisi\u00f3n de su curriculum, como parte del Grupo Mi, en ocasiones puede que su perfil se adapte a ofertas de otras empresas de nuestro mismo grupo empresarial, siendo tratados con la misma finalidad y durante el mismo periodo de tiempo se\u00f1alado anteriormente. En el caso de que exista alguna oferta que pueda adaptarse a su perfil, nos pondremos en contacto con usted para que nos autorice al env\u00edo de su curr\u00edculum a las citadas empresas.<\/p>\n\n\n\n<p>Por otro lado, en r\u00e9gimen de Encargo de Tratamiento, y siempre regulado conforme al art\u00edculo 28 del RGPD, podemos hacer uso de terceros que nos ayudan a proporcionar servicios de Tecnolog\u00edas de la Informaci\u00f3n, tales como proveedores de plataforma, servicios de alojamiento, mantenimiento y soporte en nuestras bases de datos, as\u00ed como en nuestro software y aplicaciones que pueden contener datos sobre usted; Agencias de publicidad, marketing, medios digitales y redes sociales para ayudarnos a ofrecer publicidad, marketing y campa\u00f1as, para analizar su efectividad y para administrar su contacto y sus preguntas.<\/p>\n\n\n\n<p>La web posee enlaces, aplicaciones o funcionalidades compartidas con terceros, como son redes sociales o sistemas de comunicaci\u00f3n on-line. CLINICA MI NOVA ALIAN\u00c7A S.L. no se hace responsable de las informaciones que se recojan en dichas aplicaciones, funcionalidades o redes sociales titularidad de terceros al no tener ninguna capacidad de gesti\u00f3n ni control sobre las mismas, siendo por tanto de aplicaci\u00f3n los avisos legales y las pol\u00edticas de privacidad que pudieran constar en los sitios web o similares de los terceros.<\/p>\n\n\n\n<p><strong>\u00bfCu\u00e1les son los derechos de los Usuarios que nos facilitan sus datos?<\/strong><\/p>\n\n\n\n<p>Puede ejercitar sus derechos de acceso, rectificaci\u00f3n, supresi\u00f3n, portabilidad y la limitaci\u00f3n u oposici\u00f3n dirigi\u00e9ndose por escrito a la direcci\u00f3n indicada anteriormente del Responsable y acreditando su identidad.<\/p>\n\n\n\n<p>Asimismo, si hace saber a los Usuarios que pueden retirar el consentimiento para el tratamiento de sus datos en cualquier momento cuando sea \u00e9sta la base de legitimaci\u00f3n, as\u00ed como que pueden presentar reclamaci\u00f3n ante la Autoridad de Control (Agencia Espa\u00f1ola de Protecci\u00f3n de Datos) de considerarlo oportuno.<\/p>\n\n\n\n<p><strong>Seguridad aplicada.<\/strong><\/p>\n\n\n\n<p>Se adoptan las medidas de \u00edndole t\u00e9cnica y organizativa necesarias para garantizar la seguridad de los datos de car\u00e1cter personal y para evitar su alteraci\u00f3n, p\u00e9rdida, tratamiento o acceso no autorizado, habida cuenta del estado de la tecnolog\u00eda, la naturaleza de los datos y los riesgos a los que est\u00e1n expuestos.<\/p>\n\n\n\n<p>La P\u00e1gina dispone del Certificado SSL (Secure Socket Layer), con la finalidad de garantizar la seguridad en la transmisi\u00f3n de datos entre su navegador y nuestra P\u00e1gina.<\/p>\n\n\n\n<p>El servidor seguro establece una conexi\u00f3n de modo que la informaci\u00f3n se transmite cifrada, que aseguran que solo sea inteligible para el dispositivo del usuario y el de la P\u00e1gina. De este modo, al utilizar el protocolo SSL se garantiza:<\/p>\n\n\n\n<ul class=\"wp-block-list\">\n<li>Que el usuario est\u00e1 comunicando sus datos al centro servidor de la P\u00e1gina y no a cualquier otro.<\/li>\n\n\n\n<li>Que entre el usuario y la P\u00e1gina los datos se transmiten cifrados, evitando su posible lectura o manipulaci\u00f3n por terceros.<\/li>\n<\/ul>\n\n\n\n<p>Para verificar que se encuentra en un entorno seguro, puede:<\/p>\n\n\n\n<ul class=\"wp-block-list\">\n<li>Verificar que la direcci\u00f3n de la P\u00e1gina comience por https:\/\/<\/li>\n\n\n\n<li>Comprobar que aparezca el icono de un candado en la barra de direcci\u00f3n de su navegador<\/li>\n\n\n\n<li>Verificar la presencia del certificado SSL comprobando las propiedades de la P\u00e1gina en su navegador, para lo cual deber\u00e1 consultar las caracter\u00edsticas del mismo.<\/li>\n<\/ul>\n\n\n\n<p><strong>Fuero.<\/strong><\/p>\n\n\n\n<p>La presente Pol\u00edtica de Privacidad se encuentra sometida a la legislaci\u00f3n espa\u00f1ola vigente. Para cualquier tipo de controversia derivada de la utilizaci\u00f3n de la P\u00e1gina las Partes, con la aceptaci\u00f3n del clausulado aqu\u00ed establecido se someter\u00e1n a los Tribunales y Juzgados competentes de Barcelona.<\/p>\n\n\n\n<p>Si alguna de las cl\u00e1usulas descritas fuese declarada nula y sin efecto, continuar\u00e1n siendo de aplicaci\u00f3n las restantes, sin que deban quedar afectadas por la declaraci\u00f3n de nulidad.<\/p>\n\n\n\n<p><strong><em>\u00daltima revisi\u00f3n y actualizaci\u00f3n: 19\/05\/2025<\/em><\/strong><\/p>\n","protected":false},"excerpt":{"rendered":"<p>Conforme a la legislaci\u00f3n vigente en materia de Protecci\u00f3n de Datos de Car\u00e1cter Personal, se pone en conocimiento de los usuarios de la p\u00e1gina www.mitrestorres.com (en adelante, la P\u00e1gina) la Pol\u00edtica de Privacidad y Protecci\u00f3n de Datos que aplicar\u00e1 en el tratamiento de los datos personales que el Usuario facilite voluntariamente al acceder a la web.<\/p>\n","protected":false},"author":1,"featured_media":0,"parent":0,"menu_order":0,"comment_status":"closed","ping_status":"closed","template":"","meta":{"_acf_changed":false,"_uag_custom_page_level_css":"","footnotes":""},"class_list":["post-11003","page","type-page","status-publish","hentry"],"acf":false,"uagb_featured_image_src":{"full":false,"thumbnail":false,"medium":false,"medium_large":false,"large":false,"1536x1536":false,"2048x2048":false},"uagb_author_info":{"display_name":"@clinicasmi","author_link":"https:\/\/mitrestorres.com\/ca\/author\/clinicasmi\/"},"uagb_comment_info":0,"uagb_excerpt":"Conforme a la legislaci\u00f3n vigente en materia de Protecci\u00f3n de Datos de Car\u00e1cter Personal, se pone en conocimiento de los usuarios de la p\u00e1gina www.mitrestorres.com (en adelante, la P\u00e1gina) la Pol\u00edtica de Privacidad y Protecci\u00f3n de Datos que aplicar\u00e1 en el tratamiento de los datos personales que el Usuario facilite voluntariamente al acceder a la&hellip;","_links":{"self":[{"href":"https:\/\/mitrestorres.com\/ca\/wp-json\/wp\/v2\/pages\/11003","targetHints":{"allow":["GET"]}}],"collection":[{"href":"https:\/\/mitrestorres.com\/ca\/wp-json\/wp\/v2\/pages"}],"about":[{"href":"https:\/\/mitrestorres.com\/ca\/wp-json\/wp\/v2\/types\/page"}],"author":[{"embeddable":true,"href":"https:\/\/mitrestorres.com\/ca\/wp-json\/wp\/v2\/users\/1"}],"replies":[{"embeddable":true,"href":"https:\/\/mitrestorres.com\/ca\/wp-json\/wp\/v2\/comments?post=11003"}],"version-history":[{"count":10,"href":"https:\/\/mitrestorres.com\/ca\/wp-json\/wp\/v2\/pages\/11003\/revisions"}],"predecessor-version":[{"id":12391,"href":"https:\/\/mitrestorres.com\/ca\/wp-json\/wp\/v2\/pages\/11003\/revisions\/12391"}],"wp:attachment":[{"href":"https:\/\/mitrestorres.com\/ca\/wp-json\/wp\/v2\/media?parent=11003"}],"curies":[{"name":"wp","href":"https:\/\/api.w.org\/{rel}","templated":true}]}}