{"id":103,"date":"2022-10-17T15:19:08","date_gmt":"2022-10-17T13:19:08","guid":{"rendered":"https:\/\/minovalianca.clinicas-mi.local\/?page_id=103"},"modified":"2023-08-01T12:08:58","modified_gmt":"2023-08-01T10:08:58","slug":"comite-de-direccio","status":"publish","type":"page","link":"https:\/\/mitrestorres.com\/ca\/la-clinica\/comite-de-direccio\/","title":{"rendered":"Comit\u00e9 de direcci\u00f3"},"content":{"rendered":"\n<p>El Comit\u00e8 de direcci\u00f3 est\u00e0 integrat per professionals altament compromesos, amb una \u00e0mplia experi\u00e8ncia en les \u00a0seves respectives \u00e0rees de coneixement. Treballen de manera conjunta per assegurar una atenci\u00f3 de qualitat excepcional als nostres pacients, aix\u00ed com per garantir el funcionament eficient i l\u2019assoliment dels objectius i valors establerts per a la cl\u00ednica.<\/p>\n","protected":false},"excerpt":{"rendered":"<p>El Comit\u00e8 de direcci\u00f3 est\u00e0 integrat per professionals altament compromesos, amb una \u00e0mplia experi\u00e8ncia en les \u00a0seves respectives \u00e0rees de coneixement. Treballen de manera conjunta per assegurar una atenci\u00f3 de qualitat excepcional als nostres pacients, aix\u00ed com per garantir el funcionament eficient i l\u2019assoliment dels objectius i valors establerts per a la cl\u00ednica.<\/p>\n","protected":false},"author":1,"featured_media":0,"parent":3111,"menu_order":0,"comment_status":"closed","ping_status":"closed","template":"templates\/administracio.php","meta":{"_acf_changed":false,"_uag_custom_page_level_css":"","footnotes":""},"class_list":["post-103","page","type-page","status-publish","hentry"],"acf":false,"uagb_featured_image_src":{"full":false,"thumbnail":false,"medium":false,"medium_large":false,"large":false,"1536x1536":false,"2048x2048":false},"uagb_author_info":{"display_name":"@clinicasmi","author_link":"https:\/\/mitrestorres.com\/ca\/author\/clinicasmi\/"},"uagb_comment_info":0,"uagb_excerpt":"El Comit\u00e8 de direcci\u00f3 est\u00e0 integrat per professionals altament compromesos, amb una \u00e0mplia experi\u00e8ncia en les \u00a0seves respectives \u00e0rees de coneixement. Treballen de manera conjunta per assegurar una atenci\u00f3 de qualitat excepcional als nostres pacients, aix\u00ed com per garantir el funcionament eficient i l\u2019assoliment dels objectius i valors establerts per a la cl\u00ednica.","_links":{"self":[{"href":"https:\/\/mitrestorres.com\/ca\/wp-json\/wp\/v2\/pages\/103","targetHints":{"allow":["GET"]}}],"collection":[{"href":"https:\/\/mitrestorres.com\/ca\/wp-json\/wp\/v2\/pages"}],"about":[{"href":"https:\/\/mitrestorres.com\/ca\/wp-json\/wp\/v2\/types\/page"}],"author":[{"embeddable":true,"href":"https:\/\/mitrestorres.com\/ca\/wp-json\/wp\/v2\/users\/1"}],"replies":[{"embeddable":true,"href":"https:\/\/mitrestorres.com\/ca\/wp-json\/wp\/v2\/comments?post=103"}],"version-history":[{"count":1,"href":"https:\/\/mitrestorres.com\/ca\/wp-json\/wp\/v2\/pages\/103\/revisions"}],"predecessor-version":[{"id":10495,"href":"https:\/\/mitrestorres.com\/ca\/wp-json\/wp\/v2\/pages\/103\/revisions\/10495"}],"up":[{"embeddable":true,"href":"https:\/\/mitrestorres.com\/ca\/wp-json\/wp\/v2\/pages\/3111"}],"wp:attachment":[{"href":"https:\/\/mitrestorres.com\/ca\/wp-json\/wp\/v2\/media?parent=103"}],"curies":[{"name":"wp","href":"https:\/\/api.w.org\/{rel}","templated":true}]}}