{"id":3636,"date":"2022-08-13T08:52:22","date_gmt":"2022-08-13T06:52:22","guid":{"rendered":"https:\/\/mitrestorres.com\/doctors-mi\/doctors\/dr-carlos-cabrera-galvez-2\/"},"modified":"2025-02-14T12:39:30","modified_gmt":"2025-02-14T11:39:30","slug":"dr-carlos-cabrera-galvez","status":"publish","type":"doctor","link":"https:\/\/mitrestorres.com\/ca\/metges-mi\/metges\/dr-carlos-cabrera-galvez\/","title":{"rendered":"Dr. Carlos Cabrera G\u00e1lvez"},"content":{"rendered":"<p>S\u00f3c llicenciat en Medicina per la Universitat de San Mart\u00edn De Porres (Lima, Per\u00fa).<\/p>\n<p>Al concloure la meva carrera vaig desenvolupar treballs precl\u00ednics en l&#8217;\u00e0rea de c\u00e8l\u00b7lules mare i posteriorment vaig iniciar la meva formaci\u00f3 a l&#8217;Hospital Universitari M\u00fatua Terrassa on vaig obtenir l&#8217;especialitat d&#8217;Oncologia M\u00e8dica.<\/p>\n<p>L\u2019any 2018 em vaig incorporar al Servei d&#8217;Oncologia M\u00e8dica de l&#8217;Hospital Cl\u00ednic de Barcelona, dins la Unitat de Tumors Tor\u00e0cics i posteriorment vaig formar part de l&#8217;Institut Oncol\u00f2gic Dr. Rosell continuant amb la cura de pacients amb tumors tor\u00e0cics.<\/p>\n<p>He participat activament en diversos assaigs cl\u00ednics i he estat autor i coautor de diversos treballs cient\u00edfics presentats en congressos cient\u00edfics i revistes biom\u00e8diques nacionals i internacionals.<\/p>\n<p>Com a part de la meva formaci\u00f3 m\u00e8dica cont\u00ednua, vaig realitzar el M\u00e0ster en Oncologia Molecular (Centre Nacional d&#8217;Investigaci\u00f3 Oncol\u00f2gica-CNIO).<\/p>\n<p>Les meves \u00e0rees d\u2019especial inter\u00e9s cient\u00edfic se centren en l&#8217;estudi dels exosomes aix\u00ed com del microambient tumoral i la seva implicaci\u00f3 en el c\u00e0ncer.<\/p>\n<p>Actualment s\u00f3c membre de diverses societats cient\u00edfiques com la Sociedad Espa\u00f1ola de Oncolog\u00eda M\u00e9dica (SEOM), el Grupo Espa\u00f1ol de C\u00e1ncer de Pulm\u00f3n (GECP), la Asociaci\u00f3n Internacional para el Estudio del C\u00e1ncer de Pulm\u00f3n (IASLC), de la Sociedad Europea de Oncolog\u00eda M\u00e9dica (ESMO), la Sociedad Catalana-Balear de Oncolog\u00eda (SCBO) i de la Sociedad Internacional de Biopsia L\u00edquida (ISLB).<\/p>\n","protected":false},"featured_media":11609,"template":"","specialty":[393],"grupo":[],"class_list":["post-3636","doctor","type-doctor","status-publish","has-post-thumbnail","hentry","specialty-oncologia-ca","clinic-clinicas-mi-ca"],"acf":{"subespecialitat":"","topdoctors":"","horari":"","consultes":"<p>Dr. Roux 76, 5\u00aa planta<br \/>\n08017 Barcelona<br \/>\ntel. 93 204 13 00<\/p>\n","equipo_medico":"","pedir_cita":[{"clinic":"Barcelona","cita_email":"","date":"https:\/\/app.tuotempo.com\/mop\/index.php?dbName=tt_qsoft_trestorres_prod&resourceid=sc162014d227cb20"},{"clinic":"Lleida","cita_email":"","date":"https:\/\/app.tuotempo.com\/mop\/index.php?dbName=tt_genomicustom_minovalianca_prod&resourceName=CABRERA%20GALVEZ%20CARLOS#search\/query\/%26"}],"linkedin":"","web_personal":"","pedir_cita_tfn":[{"clinic":"Barcelona","telefono":"932 04 13 00"},{"clinic":"Lleida","telefono":"973 247 181"}]},"uagb_featured_image_src":{"full":["https:\/\/mitrestorres.com\/wp-content\/uploads\/sites\/2\/2024\/07\/dr-carlos-cabrera-galvez.png",692,672,false],"thumbnail":["https:\/\/mitrestorres.com\/wp-content\/uploads\/sites\/2\/2024\/07\/dr-carlos-cabrera-galvez-150x150.png",150,150,true],"medium":["https:\/\/mitrestorres.com\/wp-content\/uploads\/sites\/2\/2024\/07\/dr-carlos-cabrera-galvez-300x291.png",300,291,true],"medium_large":["https:\/\/mitrestorres.com\/wp-content\/uploads\/sites\/2\/2024\/07\/dr-carlos-cabrera-galvez.png",640,622,false],"large":["https:\/\/mitrestorres.com\/wp-content\/uploads\/sites\/2\/2024\/07\/dr-carlos-cabrera-galvez.png",640,622,false],"1536x1536":["https:\/\/mitrestorres.com\/wp-content\/uploads\/sites\/2\/2024\/07\/dr-carlos-cabrera-galvez.png",692,672,false],"2048x2048":["https:\/\/mitrestorres.com\/wp-content\/uploads\/sites\/2\/2024\/07\/dr-carlos-cabrera-galvez.png",692,672,false]},"uagb_author_info":{"display_name":"@clinicasmi","author_link":"https:\/\/mitrestorres.com\/ca\/author\/"},"uagb_comment_info":0,"uagb_excerpt":"S\u00f3c llicenciat en Medicina per la Universitat de San Mart\u00edn De Porres (Lima, Per\u00fa). Al concloure la meva carrera vaig desenvolupar treballs precl\u00ednics en l&#8217;\u00e0rea de c\u00e8l\u00b7lules mare i posteriorment vaig iniciar la meva formaci\u00f3 a l&#8217;Hospital Universitari M\u00fatua Terrassa on vaig obtenir l&#8217;especialitat d&#8217;Oncologia M\u00e8dica. L\u2019any 2018 em vaig incorporar al Servei d&#8217;Oncologia M\u00e8dicaLlegir&hellip;","_links":{"self":[{"href":"https:\/\/mitrestorres.com\/ca\/wp-json\/wp\/v2\/doctor\/3636","targetHints":{"allow":["GET"]}}],"collection":[{"href":"https:\/\/mitrestorres.com\/ca\/wp-json\/wp\/v2\/doctor"}],"about":[{"href":"https:\/\/mitrestorres.com\/ca\/wp-json\/wp\/v2\/types\/doctor"}],"wp:featuredmedia":[{"embeddable":true,"href":"https:\/\/mitrestorres.com\/ca\/wp-json\/wp\/v2\/media\/11609"}],"wp:attachment":[{"href":"https:\/\/mitrestorres.com\/ca\/wp-json\/wp\/v2\/media?parent=3636"}],"wp:term":[{"taxonomy":"specialty","embeddable":true,"href":"https:\/\/mitrestorres.com\/ca\/wp-json\/wp\/v2\/specialty?post=3636"},{"taxonomy":"grupo","embeddable":true,"href":"https:\/\/mitrestorres.com\/ca\/wp-json\/wp\/v2\/grupo?post=3636"}],"curies":[{"name":"wp","href":"https:\/\/api.w.org\/{rel}","templated":true}]}}