{"id":11999,"date":"2025-01-22T13:29:09","date_gmt":"2025-01-22T12:29:09","guid":{"rendered":"https:\/\/mitrestorres.com\/doctors-mi\/doctors\/dr-sergio-barrantes\/"},"modified":"2026-03-12T16:43:17","modified_gmt":"2026-03-12T15:43:17","slug":"dr-sergi-barrantes","status":"publish","type":"doctor","link":"https:\/\/mitrestorres.com\/ca\/metges-mi\/metges\/dr-sergi-barrantes\/","title":{"rendered":"Dr. Sergi Barrantes"},"content":{"rendered":"<p>El Dr. Barrantes \u00e9s graduat en Medicina per la Universitat de Barcelona, \u200b\u200bon va rebre el premi a l&#8217;Excel\u00b7l\u00e8ncia Acad\u00e8mica per obtenir el lloc n\u00famero 15 de l&#8217;examen MIR de tot Espanya (m\u00e9s de 15.000 participants). Va fer l&#8217;especialitat de Cirurgia Pl\u00e0stica, Reparadora i Est\u00e8tica a l&#8217;Hospital Universitari de Bellvitge de Barcelona.<\/p>\n<p>Ha completat la seva formaci\u00f3 a diversos centres nacionals i internacionals de renom. Va completar el curs de supermicrocirurgia experimental de la prestigiosa Cleveland Clinic a Ohio, USA. Tamb\u00e9 ha col\u00b7laborat amb el conegut expert a nivell europeu en cirurgia del limfedema, el Dr. Giuseppe Visconti, amb el qual es va formar en la t\u00e8cnica de l&#8217;LVA i la planificaci\u00f3 amb ecografia d&#8217;Ultra-alta freq\u00fc\u00e8ncia, a l&#8217;Hospital Polliclinico Agostino Gemelli a Roma . A m\u00e9s, cal destacar la seva estada en cirurgia est\u00e8tica a la Cl\u00ednica Teknon de Barcelona.<\/p>\n<p>El Dr. Barrantes ha participat en el primer trasplantament de cara realitzat amb donant a cor aturat del m\u00f3n, cirurgia que es va realitzar el 2024 a l&#8217;Hospital de Bellvitge, convertint aquest centre en una de les refer\u00e8ncies a nivell europeu en cirurgia reconstructiva.<\/p>\n<p>En el seu vessant acad\u00e8mic, ha participat en cursos avan\u00e7ats i congressos globals, com el 29th World Congress of Lymphology a G\u00e8nova i WSRM 2022. Les seves publicacions cient\u00edfiques i presentacions en congressos demostren la seva capacitat innovadora al camp, incloent una patent m\u00e8dica, diverses publicacions de alt impacte al camp del limfedema i l&#8217;aplicaci\u00f3 de la impressi\u00f3 3D a la cirurgia pl\u00e0stica. Actualment cursa la tesi doctoral per la Universitat de Barcelona.<\/p>\n<p>Actualment, el Dr. Barrantes exerceix a l&#8217;Hospital Universitari de Bellvitge, compaginant la seva activitat amb l&#8217;Hospital Sant Joan de D\u00e9u de Martorell, l&#8217;Institut Dr. Moscatiello a Tres Torres.<\/p>\n<p>Est\u00e0 col\u00b7legiat pel Col\u00b7legi de Metges de Barcelona (n\u00fam. 55000), \u00e9s membre numerari de la Societat Espanyola de Cirurgia Pl\u00e0stica (SECPRE), la Societat Espanyola de Limfologia (GEL), la Societat Catalana de Cirurgia Pl\u00e0stica (SCCPRE), i membre de l&#8217;AO CMF a nivell mundial.<\/p>\n","protected":false},"featured_media":13746,"template":"","specialty":[413,374],"grupo":[],"class_list":["post-11999","doctor","type-doctor","status-publish","has-post-thumbnail","hentry","specialty-cirugia-plastica-estetica-y-reconstructiva","specialty-cirurgia-plastica-estetica-i-reconstructiva","clinic-clinicas-mi-ca","clinic-clinica-tres-torres-ca","clinic-clinica-tres-torres"],"acf":{"subespecialitat":"","equipo_medico":"","linkedin":"","topdoctors":"","web_personal":"","horari":"","consultes":"","pedir_cita_tfn":[{"clinic":"Barcelona","telefono":"+34 697 430 303"}],"pedir_cita":[{"clinic":"Barcelona","cita_email":"info@drmoscatiello.com","date":""}]},"uagb_featured_image_src":{"full":["https:\/\/mitrestorres.com\/wp-content\/uploads\/sites\/2\/2026\/03\/barantes.jpg",692,672,false],"thumbnail":["https:\/\/mitrestorres.com\/wp-content\/uploads\/sites\/2\/2026\/03\/barantes-150x150.jpg",150,150,true],"medium":["https:\/\/mitrestorres.com\/wp-content\/uploads\/sites\/2\/2026\/03\/barantes-300x291.jpg",300,291,true],"medium_large":["https:\/\/mitrestorres.com\/wp-content\/uploads\/sites\/2\/2026\/03\/barantes.jpg",640,622,false],"large":["https:\/\/mitrestorres.com\/wp-content\/uploads\/sites\/2\/2026\/03\/barantes.jpg",640,622,false],"1536x1536":["https:\/\/mitrestorres.com\/wp-content\/uploads\/sites\/2\/2026\/03\/barantes.jpg",692,672,false],"2048x2048":["https:\/\/mitrestorres.com\/wp-content\/uploads\/sites\/2\/2026\/03\/barantes.jpg",692,672,false]},"uagb_author_info":{"display_name":"paula","author_link":"https:\/\/mitrestorres.com\/ca\/author\/"},"uagb_comment_info":0,"uagb_excerpt":"El Dr. Barrantes \u00e9s graduat en Medicina per la Universitat de Barcelona, \u200b\u200bon va rebre el premi a l&#8217;Excel\u00b7l\u00e8ncia Acad\u00e8mica per obtenir el lloc n\u00famero 15 de l&#8217;examen MIR de tot Espanya (m\u00e9s de 15.000 participants). Va fer l&#8217;especialitat de Cirurgia Pl\u00e0stica, Reparadora i Est\u00e8tica a l&#8217;Hospital Universitari de Bellvitge de Barcelona. Ha completat laLlegir&hellip;","_links":{"self":[{"href":"https:\/\/mitrestorres.com\/ca\/wp-json\/wp\/v2\/doctor\/11999","targetHints":{"allow":["GET"]}}],"collection":[{"href":"https:\/\/mitrestorres.com\/ca\/wp-json\/wp\/v2\/doctor"}],"about":[{"href":"https:\/\/mitrestorres.com\/ca\/wp-json\/wp\/v2\/types\/doctor"}],"wp:featuredmedia":[{"embeddable":true,"href":"https:\/\/mitrestorres.com\/ca\/wp-json\/wp\/v2\/media\/13746"}],"wp:attachment":[{"href":"https:\/\/mitrestorres.com\/ca\/wp-json\/wp\/v2\/media?parent=11999"}],"wp:term":[{"taxonomy":"specialty","embeddable":true,"href":"https:\/\/mitrestorres.com\/ca\/wp-json\/wp\/v2\/specialty?post=11999"},{"taxonomy":"grupo","embeddable":true,"href":"https:\/\/mitrestorres.com\/ca\/wp-json\/wp\/v2\/grupo?post=11999"}],"curies":[{"name":"wp","href":"https:\/\/api.w.org\/{rel}","templated":true}]}}